{"id":1874,"date":"2022-12-19T12:51:00","date_gmt":"2022-12-19T11:51:00","guid":{"rendered":"https:\/\/elenafortuny.com\/direccio\/"},"modified":"2025-03-15T16:53:56","modified_gmt":"2025-03-15T15:53:56","slug":"direccio","status":"publish","type":"page","link":"https:\/\/elenafortuny.com\/ca\/direccio\/","title":{"rendered":"Direcci\u00f3"},"content":{"rendered":"\t\t<div data-elementor-type=\"wp-page\" data-elementor-id=\"1874\" class=\"elementor elementor-1874 elementor-1560\" data-elementor-post-type=\"page\">\n\t\t\t\t<div class=\"elementor-element elementor-element-90d2348 e-con-full e-flex e-con e-parent\" data-id=\"90d2348\" data-element_type=\"container\">\n\t\t\t\t<div class=\"elementor-element elementor-element-40a8f35 elementor-widget elementor-widget-heading\" data-id=\"40a8f35\" data-element_type=\"widget\" data-widget_type=\"heading.default\">\n\t\t\t\t<div class=\"elementor-widget-container\">\n\t\t\t\t\t<h1 class=\"elementor-heading-title elementor-size-default\">Direcci\u00f3<\/h1>\t\t\t\t<\/div>\n\t\t\t\t<\/div>\n\t\t\t\t<div class=\"elementor-element elementor-element-053857a elementor-grid-4 elementor-grid-tablet-3 elementor-grid-mobile-2 elementor-widget elementor-widget-portfolio\" data-id=\"053857a\" data-element_type=\"widget\" data-settings=\"{&quot;columns&quot;:&quot;4&quot;,&quot;columns_tablet&quot;:&quot;3&quot;,&quot;columns_mobile&quot;:&quot;2&quot;,&quot;item_ratio&quot;:{&quot;unit&quot;:&quot;px&quot;,&quot;size&quot;:1.48,&quot;sizes&quot;:[]},&quot;row_gap&quot;:{&quot;unit&quot;:&quot;px&quot;,&quot;size&quot;:20,&quot;sizes&quot;:[]},&quot;item_gap&quot;:{&quot;unit&quot;:&quot;px&quot;,&quot;size&quot;:&quot;&quot;,&quot;sizes&quot;:[]}}\" data-widget_type=\"portfolio.default\">\n\t\t\t\t<div class=\"elementor-widget-container\">\n\t\t\t\t\t\t\t<div class=\"elementor-portfolio elementor-grid elementor-posts-container\">\n\t\t\t\t<article class=\"elementor-portfolio-item elementor-post  post-2514 obras type-obras status-publish has-post-thumbnail hentry produccion-la-danesa-ca\">\n\t\t\t<a class=\"elementor-post__thumbnail__link\" href=\"https:\/\/elenafortuny.com\/ca\/obres\/17-esbossos-des-de-la-foscor\/\">\n\t\t\t\t<div class=\"elementor-portfolio-item__img elementor-post__thumbnail\">\n\t\t\t<img fetchpriority=\"high\" decoding=\"async\" width=\"768\" height=\"1024\" src=\"https:\/\/elenafortuny.com\/wp-content\/uploads\/2024\/01\/cartell2-1-768x1024.jpeg\" class=\"attachment-large size-large wp-image-2510\" alt=\"\" srcset=\"https:\/\/elenafortuny.com\/wp-content\/uploads\/2024\/01\/cartell2-1-768x1024.jpeg 768w, https:\/\/elenafortuny.com\/wp-content\/uploads\/2024\/01\/cartell2-1-225x300.jpeg 225w, https:\/\/elenafortuny.com\/wp-content\/uploads\/2024\/01\/cartell2-1-1152x1536.jpeg 1152w, https:\/\/elenafortuny.com\/wp-content\/uploads\/2024\/01\/cartell2-1.jpeg 1200w\" sizes=\"(max-width: 768px) 100vw, 768px\" \/>\t\t<\/div>\n\t\t\t\t<div class=\"elementor-portfolio-item__overlay\">\n\t\t\t\t<h3 class=\"elementor-portfolio-item__title\">\n\t\t17 esbossos des de la foscor\t\t<\/h3>\n\t\t\t\t<\/div>\n\t\t\t\t<\/a>\n\t\t<\/article>\n\t\t\t\t<article class=\"elementor-portfolio-item elementor-post  post-1867 obras type-obras status-publish has-post-thumbnail hentry\">\n\t\t\t<a class=\"elementor-post__thumbnail__link\" href=\"https:\/\/elenafortuny.com\/ca\/obres\/bailando-con-lobos-barris-i-pandemia\/\">\n\t\t\t\t<div class=\"elementor-portfolio-item__img elementor-post__thumbnail\">\n\t\t\t<img decoding=\"async\" width=\"724\" height=\"1024\" src=\"https:\/\/elenafortuny.com\/wp-content\/uploads\/2022\/12\/bailando-con-lobos-teatro-724x1024.jpeg\" class=\"attachment-large size-large wp-image-1575\" alt=\"\" srcset=\"https:\/\/elenafortuny.com\/wp-content\/uploads\/2022\/12\/bailando-con-lobos-teatro-724x1024.jpeg 724w, https:\/\/elenafortuny.com\/wp-content\/uploads\/2022\/12\/bailando-con-lobos-teatro-212x300.jpeg 212w, https:\/\/elenafortuny.com\/wp-content\/uploads\/2022\/12\/bailando-con-lobos-teatro-768x1087.jpeg 768w, https:\/\/elenafortuny.com\/wp-content\/uploads\/2022\/12\/bailando-con-lobos-teatro-700x991.jpeg 700w, https:\/\/elenafortuny.com\/wp-content\/uploads\/2022\/12\/bailando-con-lobos-teatro.jpeg 1060w\" sizes=\"(max-width: 724px) 100vw, 724px\" \/>\t\t<\/div>\n\t\t\t\t<div class=\"elementor-portfolio-item__overlay\">\n\t\t\t\t<h3 class=\"elementor-portfolio-item__title\">\n\t\tBailando con lobos [Barris i Pand\u00e8mia]\t\t<\/h3>\n\t\t\t\t<\/div>\n\t\t\t\t<\/a>\n\t\t<\/article>\n\t\t\t\t<article class=\"elementor-portfolio-item elementor-post  post-1873 obras type-obras status-publish has-post-thumbnail hentry produccion-la-danesa-ca\">\n\t\t\t<a class=\"elementor-post__thumbnail__link\" href=\"https:\/\/elenafortuny.com\/ca\/obres\/de-noviembre-a-noviembre\/\">\n\t\t\t\t<div class=\"elementor-portfolio-item__img elementor-post__thumbnail\">\n\t\t\t<img decoding=\"async\" width=\"683\" height=\"1024\" src=\"https:\/\/elenafortuny.com\/wp-content\/uploads\/2020\/12\/DANI-PEREZ-LORCA-p1-C-Julia-Cortina-17-683x1024.jpeg\" class=\"attachment-large size-large wp-image-1961\" alt=\"\" srcset=\"https:\/\/elenafortuny.com\/wp-content\/uploads\/2020\/12\/DANI-PEREZ-LORCA-p1-C-Julia-Cortina-17-683x1024.jpeg 683w, https:\/\/elenafortuny.com\/wp-content\/uploads\/2020\/12\/DANI-PEREZ-LORCA-p1-C-Julia-Cortina-17-200x300.jpeg 200w, https:\/\/elenafortuny.com\/wp-content\/uploads\/2020\/12\/DANI-PEREZ-LORCA-p1-C-Julia-Cortina-17-768x1152.jpeg 768w, https:\/\/elenafortuny.com\/wp-content\/uploads\/2020\/12\/DANI-PEREZ-LORCA-p1-C-Julia-Cortina-17-1024x1536.jpeg 1024w, https:\/\/elenafortuny.com\/wp-content\/uploads\/2020\/12\/DANI-PEREZ-LORCA-p1-C-Julia-Cortina-17-1365x2048.jpeg 1365w, https:\/\/elenafortuny.com\/wp-content\/uploads\/2020\/12\/DANI-PEREZ-LORCA-p1-C-Julia-Cortina-17-700x1050.jpeg 700w, https:\/\/elenafortuny.com\/wp-content\/uploads\/2020\/12\/DANI-PEREZ-LORCA-p1-C-Julia-Cortina-17-1100x1650.jpeg 1100w, https:\/\/elenafortuny.com\/wp-content\/uploads\/2020\/12\/DANI-PEREZ-LORCA-p1-C-Julia-Cortina-17-scaled.jpeg 1706w\" sizes=\"(max-width: 683px) 100vw, 683px\" \/>\t\t<\/div>\n\t\t\t\t<div class=\"elementor-portfolio-item__overlay\">\n\t\t\t\t<h3 class=\"elementor-portfolio-item__title\">\n\t\tDe noviembre a noviembre\t\t<\/h3>\n\t\t\t\t<\/div>\n\t\t\t\t<\/a>\n\t\t<\/article>\n\t\t\t\t<article class=\"elementor-portfolio-item elementor-post  post-1872 obras type-obras status-publish has-post-thumbnail hentry\">\n\t\t\t<a class=\"elementor-post__thumbnail__link\" href=\"https:\/\/elenafortuny.com\/ca\/obres\/la-debil-mental\/\">\n\t\t\t\t<div class=\"elementor-portfolio-item__img elementor-post__thumbnail\">\n\t\t\t<img loading=\"lazy\" decoding=\"async\" width=\"594\" height=\"888\" src=\"https:\/\/elenafortuny.com\/wp-content\/uploads\/2019\/12\/km-america-1.png\" class=\"attachment-large size-large wp-image-1970\" alt=\"\" srcset=\"https:\/\/elenafortuny.com\/wp-content\/uploads\/2019\/12\/km-america-1.png 594w, https:\/\/elenafortuny.com\/wp-content\/uploads\/2019\/12\/km-america-1-201x300.png 201w\" sizes=\"(max-width: 594px) 100vw, 594px\" \/>\t\t<\/div>\n\t\t\t\t<div class=\"elementor-portfolio-item__overlay\">\n\t\t\t\t<h3 class=\"elementor-portfolio-item__title\">\n\t\tLa d\u00e9bil mental\t\t<\/h3>\n\t\t\t\t<\/div>\n\t\t\t\t<\/a>\n\t\t<\/article>\n\t\t\t\t<article class=\"elementor-portfolio-item elementor-post  post-1869 obras type-obras status-publish has-post-thumbnail hentry\">\n\t\t\t<a class=\"elementor-post__thumbnail__link\" href=\"https:\/\/elenafortuny.com\/ca\/obres\/el-pont\/\">\n\t\t\t\t<div class=\"elementor-portfolio-item__img elementor-post__thumbnail\">\n\t\t\t<img loading=\"lazy\" decoding=\"async\" width=\"717\" height=\"1024\" src=\"https:\/\/elenafortuny.com\/wp-content\/uploads\/2018\/12\/el-pont-poster-717x1024.jpg\" class=\"attachment-large size-large wp-image-1813\" alt=\"\" srcset=\"https:\/\/elenafortuny.com\/wp-content\/uploads\/2018\/12\/el-pont-poster-717x1024.jpg 717w, https:\/\/elenafortuny.com\/wp-content\/uploads\/2018\/12\/el-pont-poster-210x300.jpg 210w, https:\/\/elenafortuny.com\/wp-content\/uploads\/2018\/12\/el-pont-poster-768x1097.jpg 768w, https:\/\/elenafortuny.com\/wp-content\/uploads\/2018\/12\/el-pont-poster-700x1000.jpg 700w, https:\/\/elenafortuny.com\/wp-content\/uploads\/2018\/12\/el-pont-poster.jpg 840w\" sizes=\"(max-width: 717px) 100vw, 717px\" \/>\t\t<\/div>\n\t\t\t\t<div class=\"elementor-portfolio-item__overlay\">\n\t\t\t\t<h3 class=\"elementor-portfolio-item__title\">\n\t\tEl pont\t\t<\/h3>\n\t\t\t\t<\/div>\n\t\t\t\t<\/a>\n\t\t<\/article>\n\t\t\t\t<article class=\"elementor-portfolio-item elementor-post  post-1870 obras type-obras status-publish has-post-thumbnail hentry\">\n\t\t\t<a class=\"elementor-post__thumbnail__link\" href=\"https:\/\/elenafortuny.com\/ca\/obres\/per-un-si-o-per-un-no\/\">\n\t\t\t\t<div class=\"elementor-portfolio-item__img elementor-post__thumbnail\">\n\t\t\t<img loading=\"lazy\" decoding=\"async\" width=\"735\" height=\"1024\" src=\"https:\/\/elenafortuny.com\/wp-content\/uploads\/2017\/12\/per-un-si-o-un-no-cartel-735x1024.jpg\" class=\"attachment-large size-large wp-image-1836\" alt=\"\" srcset=\"https:\/\/elenafortuny.com\/wp-content\/uploads\/2017\/12\/per-un-si-o-un-no-cartel-735x1024.jpg 735w, https:\/\/elenafortuny.com\/wp-content\/uploads\/2017\/12\/per-un-si-o-un-no-cartel-215x300.jpg 215w, https:\/\/elenafortuny.com\/wp-content\/uploads\/2017\/12\/per-un-si-o-un-no-cartel-768x1070.jpg 768w, https:\/\/elenafortuny.com\/wp-content\/uploads\/2017\/12\/per-un-si-o-un-no-cartel-700x976.jpg 700w, https:\/\/elenafortuny.com\/wp-content\/uploads\/2017\/12\/per-un-si-o-un-no-cartel.jpg 861w\" sizes=\"(max-width: 735px) 100vw, 735px\" \/>\t\t<\/div>\n\t\t\t\t<div class=\"elementor-portfolio-item__overlay\">\n\t\t\t\t<h3 class=\"elementor-portfolio-item__title\">\n\t\tPer un s\u00ed o per un no\t\t<\/h3>\n\t\t\t\t<\/div>\n\t\t\t\t<\/a>\n\t\t<\/article>\n\t\t\t\t<article class=\"elementor-portfolio-item elementor-post  post-1303 obras type-obras status-publish has-post-thumbnail hentry\">\n\t\t\t<a class=\"elementor-post__thumbnail__link\" href=\"https:\/\/elenafortuny.com\/ca\/obres\/sintitulo\/\">\n\t\t\t\t<div class=\"elementor-portfolio-item__img elementor-post__thumbnail\">\n\t\t\t<img loading=\"lazy\" decoding=\"async\" width=\"723\" height=\"1024\" src=\"https:\/\/elenafortuny.com\/wp-content\/uploads\/2019\/12\/cartellsintitulo-723x1024.jpeg\" class=\"attachment-large size-large wp-image-1228\" alt=\"\" srcset=\"https:\/\/elenafortuny.com\/wp-content\/uploads\/2019\/12\/cartellsintitulo-723x1024.jpeg 723w, https:\/\/elenafortuny.com\/wp-content\/uploads\/2019\/12\/cartellsintitulo-212x300.jpeg 212w, https:\/\/elenafortuny.com\/wp-content\/uploads\/2019\/12\/cartellsintitulo-768x1087.jpeg 768w, https:\/\/elenafortuny.com\/wp-content\/uploads\/2019\/12\/cartellsintitulo-1085x1536.jpeg 1085w, https:\/\/elenafortuny.com\/wp-content\/uploads\/2019\/12\/cartellsintitulo-700x991.jpeg 700w, https:\/\/elenafortuny.com\/wp-content\/uploads\/2019\/12\/cartellsintitulo-1100x1558.jpeg 1100w, https:\/\/elenafortuny.com\/wp-content\/uploads\/2019\/12\/cartellsintitulo.jpeg 1130w\" sizes=\"(max-width: 723px) 100vw, 723px\" \/>\t\t<\/div>\n\t\t\t\t<div class=\"elementor-portfolio-item__overlay\">\n\t\t\t\t<h3 class=\"elementor-portfolio-item__title\">\n\t\tsint\u00edtulo\t\t<\/h3>\n\t\t\t\t<\/div>\n\t\t\t\t<\/a>\n\t\t<\/article>\n\t\t\t\t<article class=\"elementor-portfolio-item elementor-post  post-1871 obras type-obras status-publish has-post-thumbnail hentry\">\n\t\t\t<a class=\"elementor-post__thumbnail__link\" href=\"https:\/\/elenafortuny.com\/ca\/obres\/los-ninos-oscuros-de-morelia\/\">\n\t\t\t\t<div class=\"elementor-portfolio-item__img elementor-post__thumbnail\">\n\t\t\t<img loading=\"lazy\" decoding=\"async\" width=\"730\" height=\"1024\" src=\"https:\/\/elenafortuny.com\/wp-content\/uploads\/2022\/12\/morelia-poster-730x1024.jpg\" class=\"attachment-large size-large wp-image-1647\" alt=\"Los ni\u00f1os oscuros de Morelia\" srcset=\"https:\/\/elenafortuny.com\/wp-content\/uploads\/2022\/12\/morelia-poster-730x1024.jpg 730w, https:\/\/elenafortuny.com\/wp-content\/uploads\/2022\/12\/morelia-poster-214x300.jpg 214w, https:\/\/elenafortuny.com\/wp-content\/uploads\/2022\/12\/morelia-poster-768x1077.jpg 768w, https:\/\/elenafortuny.com\/wp-content\/uploads\/2022\/12\/morelia-poster-700x981.jpg 700w, https:\/\/elenafortuny.com\/wp-content\/uploads\/2022\/12\/morelia-poster.jpg 856w\" sizes=\"(max-width: 730px) 100vw, 730px\" \/>\t\t<\/div>\n\t\t\t\t<div class=\"elementor-portfolio-item__overlay\">\n\t\t\t\t<h3 class=\"elementor-portfolio-item__title\">\n\t\tLos ni\u00f1os oscuros de Morelia\t\t<\/h3>\n\t\t\t\t<\/div>\n\t\t\t\t<\/a>\n\t\t<\/article>\n\t\t\t\t<article class=\"elementor-portfolio-item elementor-post  post-588 obras type-obras status-publish has-post-thumbnail hentry\">\n\t\t\t<a class=\"elementor-post__thumbnail__link\" href=\"https:\/\/elenafortuny.com\/ca\/obres\/la-distancia-entre-el-llamp-i-el-tro\/\">\n\t\t\t\t<div class=\"elementor-portfolio-item__img elementor-post__thumbnail\">\n\t\t\t<img loading=\"lazy\" decoding=\"async\" width=\"637\" height=\"900\" src=\"https:\/\/elenafortuny.com\/wp-content\/uploads\/2016\/07\/la-distancia-cartel.jpg\" class=\"attachment-large size-large wp-image-648\" alt=\"\" srcset=\"https:\/\/elenafortuny.com\/wp-content\/uploads\/2016\/07\/la-distancia-cartel.jpg 637w, https:\/\/elenafortuny.com\/wp-content\/uploads\/2016\/07\/la-distancia-cartel-212x300.jpg 212w\" sizes=\"(max-width: 637px) 100vw, 637px\" \/>\t\t<\/div>\n\t\t\t\t<div class=\"elementor-portfolio-item__overlay\">\n\t\t\t\t<h3 class=\"elementor-portfolio-item__title\">\n\t\tLa dist\u00e0ncia entre el llamp i el tro\t\t<\/h3>\n\t\t\t\t<\/div>\n\t\t\t\t<\/a>\n\t\t<\/article>\n\t\t\t\t<\/div>\n\t\t\t\t\t\t<\/div>\n\t\t\t\t<\/div>\n\t\t\t\t<\/div>\n\t\t<div class=\"elementor-element elementor-element-6efa7cf e-con-full e-flex e-con e-parent\" data-id=\"6efa7cf\" data-element_type=\"container\">\n\t\t<div class=\"elementor-element elementor-element-160312d e-con-full e-flex e-con e-child\" data-id=\"160312d\" data-element_type=\"container\">\n\t\t\t\t<div class=\"elementor-element elementor-element-d2c3975 elementor-widget elementor-widget-heading\" data-id=\"d2c3975\" data-element_type=\"widget\" data-widget_type=\"heading.default\">\n\t\t\t\t<div class=\"elementor-widget-container\">\n\t\t\t\t\t<h4 class=\"elementor-heading-title elementor-size-default\">DIRECCI\u00d3 D'ESCENA<\/h4>\t\t\t\t<\/div>\n\t\t\t\t<\/div>\n\t\t\t\t<div class=\"elementor-element elementor-element-01d0338 elementor-widget elementor-widget-text-editor\" data-id=\"01d0338\" data-element_type=\"widget\" data-widget_type=\"text-editor.default\">\n\t\t\t\t<div class=\"elementor-widget-container\">\n\t\t\t\t\t\t\t\t\t<p>2023\/2024: <a href=\"https:\/\/cialadanesa.com\/projecte\/17-esbossos-des-de-la-foscor\/\"><em>17 esbossos des de la foscor<\/em><\/a> de Roland Schimmelpfennig, Teatre Tantarantana<\/p><p>2022\/2023:<i> <a href=\"https:\/\/elenafortuny.com\/ca\/obras\/bailando-con-lobos-barris-i-pandemia\/\">Bailando con lobos [Barris i Pand\u00e8mia]<\/a><\/i>, espectacle comunitari creat i dirigit per Jumon Erra, Elena Fortuny i Pere Faura, Mercat dels Flors, Barcelona (Art for Change Fundaci\u00f3 La Caixa\/ICEC); <a href=\"https:\/\/cialadanesa.com\/es\/proyecto\/de-noviembre-a-noviembre\/\"><i>De noviembre a noviembre<\/i> <\/a>de Daniel P\u00e9rez Mar\u00edn a partir de la confer\u00e8ncia cantada de Federico Garc\u00eda Lorca <em>C\u00f3mo canta una ciudad de noviembre a noviembre, <\/em>direcci\u00f3 musical de Marc Sambola, dirigit per Elena Fortuny, Casa del Teatre Nu, Sant Mart\u00ed de Tous.<\/p><p>2021\/22: <a href=\"https:\/\/elenafortuny.com\/ca\/obras\/la-debil-mental\/\"><i>La d\u00e9bil mental<\/i><\/a> d&#8217;Ariana Harwicz, Festival de Literatura Llatinoamericana de Barcelona, Casa Am\u00e8rica; <a href=\"https:\/\/elenafortuny.com\/ca\/obras\/el-pont\/\"><em>El pont<\/em><\/a> Laurent Van Wetter, versi\u00f3 d&#8217;Albert Tola, Teatre Mald\u00e0, Barcelona<\/p><p>2019\/20 y 2020\/21: <a href=\"https:\/\/elenafortuny.com\/ca\/obras\/per-un-si-o-per-un-no\/\"><i>Per un s\u00ed o per un no<\/i><\/a> de Nathalie Sarraute, Teatre Akad\u00e8mia, Barcelona<\/p><p>2019 (ICUB): <a href=\"https:\/\/elenafortuny.com\/ca\/obras\/los-ninos-oscuros-de-morelia\/\"><i>Los ni\u00f1os oscuros de Morelia<\/i><\/a> d&#8217;Albert Tola, Teatre Lagrada, Madrid; Umbral de la Primavera, Madrid<\/p><p>2018\/19: <a href=\"https:\/\/elenafortuny.com\/ca\/obras\/sin-titulo\/\"><i>Sin t\u00edtulo<\/i><\/a>, a partir de l&#8217;obra inacabada de Federico Garcia Lorca <i>Comedia sin t\u00edtulo<\/i>, dramat\u00fargia de Jumon Erra, Arnau Itinerant<\/p><p>2017\/18: <a href=\"https:\/\/elenafortuny.com\/ca\/obras\/los-ninos-oscuros-de-morelia\/\"><i>Los ni\u00f1os oscuros de Morelia <\/i><\/a>de Albert Tola, Teatro Lagrada, Madrid; Umbral de la Primavera, Madrid<\/p><p>2015\/16: <a href=\"https:\/\/elenafortuny.com\/ca\/obras\/la-distancia-llamp-tro\/\"><i>La dist\u00e0ncia entre el llamp i el tro<\/i><\/a> de Jumon Erra, codirigida amb Jumon Erra, Teatre Tantarantana, Barcelona<\/p>\t\t\t\t\t\t\t\t<\/div>\n\t\t\t\t<\/div>\n\t\t\t\t<\/div>\n\t\t<div class=\"elementor-element elementor-element-112dcf8 e-con-full e-flex e-con e-child\" data-id=\"112dcf8\" data-element_type=\"container\">\n\t\t\t\t<div class=\"elementor-element elementor-element-0ab7063 elementor-widget elementor-widget-heading\" data-id=\"0ab7063\" data-element_type=\"widget\" data-widget_type=\"heading.default\">\n\t\t\t\t<div class=\"elementor-widget-container\">\n\t\t\t\t\t<h4 class=\"elementor-heading-title elementor-size-default\">DIRECCI\u00d3 D'ACTORS I AJUNDANTIA DE DIRECCI\u00d3<\/h4>\t\t\t\t<\/div>\n\t\t\t\t<\/div>\n\t\t\t\t<div class=\"elementor-element elementor-element-ea628be elementor-widget elementor-widget-text-editor\" data-id=\"ea628be\" data-element_type=\"widget\" data-widget_type=\"text-editor.default\">\n\t\t\t\t<div class=\"elementor-widget-container\">\n\t\t\t\t\t\t\t\t\t<p>2024\/2025: <a href=\"https:\/\/espaitexas.cat\/espectacle\/neon-hand-escribiendo-un-musical\/\"><span style=\"text-decoration: underline;\"><em>Neon Hand<\/em><\/span><\/a> de Joan V\u00e0zquez, dirigida per Roser Batalla, Espai Texas<\/p><p>2023\/2024: <a href=\"https:\/\/teatreakademia.cat\/espectacle\/la-agente-literaria\/\"><em>La agente literaria<\/em> <\/a>de Sergio Vila Sanju\u00e1n, dirigida per Lina Lambert, Teatre Akad\u00e8mia<\/p><p>2021-2022: <a href=\"https:\/\/cialadanesa.com\/es\/projecte\/el-nedador-del-mar-secret\/\" target=\"_blank\" rel=\"noopener\"><i>El nedador del mar secret <\/i><\/a>de William Kotwinkle adaptada i dirigida per Jumon Erra, Premi Quim Mas\u00f3 2021\/Temporada Alta 2021\/Teatre Nacional de Catalunya 2022<\/p><p>2006-2007: <a href=\"http:\/\/teatremusical.cat\/espectacle\/merrily-we-roll-along\" target=\"_blank\" rel=\"noopener\"><i>Merrily we roll along <\/i><\/a>de Stephen Sondheim, amb posada en escena de Daniel Angl\u00e8s i direcci\u00f3 musical de Sergi Cuenca, La Villarroel, Barcelona<\/p>\t\t\t\t\t\t\t\t<\/div>\n\t\t\t\t<\/div>\n\t\t\t\t<\/div>\n\t\t\t\t<\/div>\n\t\t\t\t<\/div>\n\t\t","protected":false},"excerpt":{"rendered":"<p>Direcci\u00f3 DIRECCI\u00d3 D&#8217;ESCENA 2023\/2024: 17 esbossos des de la foscor de Roland Schimmelpfennig, Teatre Tantarantana 2022\/2023: Bailando con lobos [Barris i Pand\u00e8mia], espectacle comunitari creat i dirigit per Jumon Erra, Elena Fortuny i Pere Faura, Mercat dels Flors, Barcelona (Art for Change Fundaci\u00f3 La Caixa\/ICEC); De noviembre a noviembre de Daniel P\u00e9rez Mar\u00edn a partir [&hellip;]<\/p>\n","protected":false},"author":3,"featured_media":0,"parent":0,"menu_order":0,"comment_status":"closed","ping_status":"closed","template":"","meta":{"_acf_changed":false,"footnotes":""},"class_list":["post-1874","page","type-page","status-publish","hentry"],"acf":[],"yoast_head":"<!-- This site is optimized with the Yoast SEO plugin v27.4 - https:\/\/yoast.com\/product\/yoast-seo-wordpress\/ -->\n<title>Direcci\u00f3<\/title>\n<meta name=\"robots\" content=\"index, follow, max-snippet:-1, max-image-preview:large, max-video-preview:-1\" \/>\n<link rel=\"canonical\" href=\"https:\/\/elenafortuny.com\/ca\/direccio\/\" \/>\n<meta property=\"og:locale\" content=\"ca_ES\" \/>\n<meta property=\"og:type\" content=\"article\" \/>\n<meta property=\"og:title\" content=\"Direcci\u00f3\" \/>\n<meta property=\"og:description\" content=\"Direcci\u00f3 DIRECCI\u00d3 D&#8217;ESCENA 2023\/2024: 17 esbossos des de la foscor de Roland Schimmelpfennig, Teatre Tantarantana 2022\/2023: Bailando con lobos [Barris i Pand\u00e8mia], espectacle comunitari creat i dirigit per Jumon Erra, Elena Fortuny i Pere Faura, Mercat dels Flors, Barcelona (Art for Change Fundaci\u00f3 La Caixa\/ICEC); De noviembre a noviembre de Daniel P\u00e9rez Mar\u00edn a partir [&hellip;]\" \/>\n<meta property=\"og:url\" content=\"https:\/\/elenafortuny.com\/ca\/direccio\/\" \/>\n<meta property=\"og:site_name\" content=\"Elena Fortuny\" \/>\n<meta property=\"article:modified_time\" content=\"2025-03-15T15:53:56+00:00\" \/>\n<meta name=\"twitter:label1\" content=\"Temps estimat de lectura\" \/>\n\t<meta name=\"twitter:data1\" content=\"4 minuts\" \/>\n<script type=\"application\/ld+json\" class=\"yoast-schema-graph\">{\"@context\":\"https:\\\/\\\/schema.org\",\"@graph\":[{\"@type\":\"WebPage\",\"@id\":\"https:\\\/\\\/elenafortuny.com\\\/ca\\\/direccio\\\/\",\"url\":\"https:\\\/\\\/elenafortuny.com\\\/ca\\\/direccio\\\/\",\"name\":\"Direcci\u00f3\",\"isPartOf\":{\"@id\":\"https:\\\/\\\/elenafortuny.com\\\/ca\\\/#website\"},\"datePublished\":\"2022-12-19T11:51:00+00:00\",\"dateModified\":\"2025-03-15T15:53:56+00:00\",\"breadcrumb\":{\"@id\":\"https:\\\/\\\/elenafortuny.com\\\/ca\\\/direccio\\\/#breadcrumb\"},\"inLanguage\":\"ca\",\"potentialAction\":[{\"@type\":\"ReadAction\",\"target\":[\"https:\\\/\\\/elenafortuny.com\\\/ca\\\/direccio\\\/\"]}]},{\"@type\":\"BreadcrumbList\",\"@id\":\"https:\\\/\\\/elenafortuny.com\\\/ca\\\/direccio\\\/#breadcrumb\",\"itemListElement\":[{\"@type\":\"ListItem\",\"position\":1,\"name\":\"Portada\",\"item\":\"https:\\\/\\\/elenafortuny.com\\\/ca\\\/\"},{\"@type\":\"ListItem\",\"position\":2,\"name\":\"Direcci\u00f3\"}]},{\"@type\":\"WebSite\",\"@id\":\"https:\\\/\\\/elenafortuny.com\\\/ca\\\/#website\",\"url\":\"https:\\\/\\\/elenafortuny.com\\\/ca\\\/\",\"name\":\"Elena Fortuny\",\"description\":\"actriz\",\"potentialAction\":[{\"@type\":\"SearchAction\",\"target\":{\"@type\":\"EntryPoint\",\"urlTemplate\":\"https:\\\/\\\/elenafortuny.com\\\/ca\\\/?s={search_term_string}\"},\"query-input\":{\"@type\":\"PropertyValueSpecification\",\"valueRequired\":true,\"valueName\":\"search_term_string\"}}],\"inLanguage\":\"ca\"}]}<\/script>\n<!-- \/ Yoast SEO plugin. -->","yoast_head_json":{"title":"Direcci\u00f3","robots":{"index":"index","follow":"follow","max-snippet":"max-snippet:-1","max-image-preview":"max-image-preview:large","max-video-preview":"max-video-preview:-1"},"canonical":"https:\/\/elenafortuny.com\/ca\/direccio\/","og_locale":"ca_ES","og_type":"article","og_title":"Direcci\u00f3","og_description":"Direcci\u00f3 DIRECCI\u00d3 D&#8217;ESCENA 2023\/2024: 17 esbossos des de la foscor de Roland Schimmelpfennig, Teatre Tantarantana 2022\/2023: Bailando con lobos [Barris i Pand\u00e8mia], espectacle comunitari creat i dirigit per Jumon Erra, Elena Fortuny i Pere Faura, Mercat dels Flors, Barcelona (Art for Change Fundaci\u00f3 La Caixa\/ICEC); De noviembre a noviembre de Daniel P\u00e9rez Mar\u00edn a partir [&hellip;]","og_url":"https:\/\/elenafortuny.com\/ca\/direccio\/","og_site_name":"Elena Fortuny","article_modified_time":"2025-03-15T15:53:56+00:00","twitter_misc":{"Temps estimat de lectura":"4 minuts"},"schema":{"@context":"https:\/\/schema.org","@graph":[{"@type":"WebPage","@id":"https:\/\/elenafortuny.com\/ca\/direccio\/","url":"https:\/\/elenafortuny.com\/ca\/direccio\/","name":"Direcci\u00f3","isPartOf":{"@id":"https:\/\/elenafortuny.com\/ca\/#website"},"datePublished":"2022-12-19T11:51:00+00:00","dateModified":"2025-03-15T15:53:56+00:00","breadcrumb":{"@id":"https:\/\/elenafortuny.com\/ca\/direccio\/#breadcrumb"},"inLanguage":"ca","potentialAction":[{"@type":"ReadAction","target":["https:\/\/elenafortuny.com\/ca\/direccio\/"]}]},{"@type":"BreadcrumbList","@id":"https:\/\/elenafortuny.com\/ca\/direccio\/#breadcrumb","itemListElement":[{"@type":"ListItem","position":1,"name":"Portada","item":"https:\/\/elenafortuny.com\/ca\/"},{"@type":"ListItem","position":2,"name":"Direcci\u00f3"}]},{"@type":"WebSite","@id":"https:\/\/elenafortuny.com\/ca\/#website","url":"https:\/\/elenafortuny.com\/ca\/","name":"Elena Fortuny","description":"actriz","potentialAction":[{"@type":"SearchAction","target":{"@type":"EntryPoint","urlTemplate":"https:\/\/elenafortuny.com\/ca\/?s={search_term_string}"},"query-input":{"@type":"PropertyValueSpecification","valueRequired":true,"valueName":"search_term_string"}}],"inLanguage":"ca"}]}},"_links":{"self":[{"href":"https:\/\/elenafortuny.com\/ca\/wp-json\/wp\/v2\/pages\/1874","targetHints":{"allow":["GET"]}}],"collection":[{"href":"https:\/\/elenafortuny.com\/ca\/wp-json\/wp\/v2\/pages"}],"about":[{"href":"https:\/\/elenafortuny.com\/ca\/wp-json\/wp\/v2\/types\/page"}],"author":[{"embeddable":true,"href":"https:\/\/elenafortuny.com\/ca\/wp-json\/wp\/v2\/users\/3"}],"replies":[{"embeddable":true,"href":"https:\/\/elenafortuny.com\/ca\/wp-json\/wp\/v2\/comments?post=1874"}],"version-history":[{"count":10,"href":"https:\/\/elenafortuny.com\/ca\/wp-json\/wp\/v2\/pages\/1874\/revisions"}],"predecessor-version":[{"id":2928,"href":"https:\/\/elenafortuny.com\/ca\/wp-json\/wp\/v2\/pages\/1874\/revisions\/2928"}],"wp:attachment":[{"href":"https:\/\/elenafortuny.com\/ca\/wp-json\/wp\/v2\/media?parent=1874"}],"curies":[{"name":"wp","href":"https:\/\/api.w.org\/{rel}","templated":true}]}}