{"id":37,"date":"2021-03-22T12:21:23","date_gmt":"2021-03-22T11:21:23","guid":{"rendered":"http:\/\/elenafortuny.com\/?page_id=37"},"modified":"2025-03-21T19:18:26","modified_gmt":"2025-03-21T18:18:26","slug":"bio-actriu","status":"publish","type":"page","link":"https:\/\/elenafortuny.com\/ca\/bio-actriu\/","title":{"rendered":"Bio"},"content":{"rendered":"\t\t<div data-elementor-type=\"wp-page\" data-elementor-id=\"37\" class=\"elementor elementor-37 elementor-35\" data-elementor-post-type=\"page\">\n\t\t\t\t<div class=\"elementor-element elementor-element-bfad87b e-con-full e-flex e-con e-parent\" data-id=\"bfad87b\" data-element_type=\"container\">\n\t\t<div class=\"elementor-element elementor-element-9fcbef7 e-con-full e-flex e-con e-child\" data-id=\"9fcbef7\" data-element_type=\"container\">\n\t\t\t\t<div class=\"elementor-element elementor-element-1bd13a7 elementor-widget elementor-widget-heading\" data-id=\"1bd13a7\" data-element_type=\"widget\" data-widget_type=\"heading.default\">\n\t\t\t\t<div class=\"elementor-widget-container\">\n\t\t\t\t\t<h1 class=\"elementor-heading-title elementor-size-default\">Curr\u00edculum<\/h1>\t\t\t\t<\/div>\n\t\t\t\t<\/div>\n\t\t\t\t<div class=\"elementor-element elementor-element-1e3ef53 elementor-widget elementor-widget-text-editor\" data-id=\"1e3ef53\" data-element_type=\"widget\" data-widget_type=\"text-editor.default\">\n\t\t\t\t<div class=\"elementor-widget-container\">\n\t\t\t\t\t\t\t\t\t<p><b>T\u00cdTOLS ACAD\u00c8MICS<\/b><b><br \/><\/b><br \/>T\u00edtol Superior d&#8217;Art Dram\u00e0tic, especialitat d&#8217;Interpretaci\u00f3 (Teatre de Text), 1997-2001, Institut del Teatre de Barcelona<\/p><p>Premi extraordinari Institut del Teatre 2002<\/p><p>Llicenciada en Econ\u00f2miques i Empresarials, Universitat Pompeu Fabra, 1991-95<\/p>\t\t\t\t\t\t\t\t<\/div>\n\t\t\t\t<\/div>\n\t\t\t\t<div class=\"elementor-element elementor-element-80ae04b elementor-widget elementor-widget-text-editor\" data-id=\"80ae04b\" data-element_type=\"widget\" data-widget_type=\"text-editor.default\">\n\t\t\t\t<div class=\"elementor-widget-container\">\n\t\t\t\t\t\t\t\t\t<p><b>IDIOMES<\/b><\/p><p>Angl\u00e8s (Proficiency)<br \/>Franc\u00e8s (Nivel mig, B1)<br \/>Itali\u00e0 (nocions)<\/p><p><br \/>Castell\u00e0 (nadiu)<\/p><p>Catal\u00e0 (nadiu, C2)<\/p>\t\t\t\t\t\t\t\t<\/div>\n\t\t\t\t<\/div>\n\t\t\t\t<div class=\"elementor-element elementor-element-5eca6b5 elementor-widget elementor-widget-text-editor\" data-id=\"5eca6b5\" data-element_type=\"widget\" data-widget_type=\"text-editor.default\">\n\t\t\t\t<div class=\"elementor-widget-container\">\n\t\t\t\t\t\t\t\t\t<h4><b>FORMACI\u00d3 CONTINUADA<\/b><\/h4><p><b><br \/>CANT<\/b><\/p><p><i>Estill Voice Training<\/i>: nivells I i II + Figures, amb Helen Rowson i Anna Catal\u00e0<\/p><p>Cant particular, amb Daniel Angl\u00e8s i Susanna Dom\u00e8nech<\/p><p><b>INTERPRETACI\u00d3<\/b><\/p><p><em>El ritme de la com\u00e8dia<\/em> amb Israel Sol\u00e0, Sala Beckett<\/p><p>Entrenament actoral amb Ivan Morales, Sala Beckett<\/p><p>Entrenament actoral amb Pablo Messiez, Sala Beckett<\/p><p><em>Acting in English<\/em>, interpretaci\u00f3 davant la c\u00e0mera, amb Lucy Lennox<\/p><p>Entrenament actoral amb Carlota Subir\u00f3s (<em>view points<\/em>)<\/p><p>Entrenament actoral amb Kari Margolis<\/p><p>Entrenament Teatre Laborarori de Grotowski, amb Zigmunt Molik<\/p><p><i>Procedimiento<\/i> amb Javier Daulte<\/p><p>Biomec\u00e0nica amb Nikolaj Karpov, Sergej Ostrenko i Roberto Romei<\/p><p>T\u00e8cnica d&#8217;interpretaci\u00f3 amb Txiki Berraondo i Manuel Lillo, entre altres<\/p><p><b>IOGA<\/b><\/p><p>Professora titolada de ioga per la European Yoga Alliance el 2007<\/p><p><b>ALTRES<\/b><\/p><p><i>Female Empowerment Workshop<\/i> amb Katie Mitchell<\/p><p>Nocions de dansa, esgrima i equitaci\u00f3 (doma natural)<\/p>\t\t\t\t\t\t\t\t<\/div>\n\t\t\t\t<\/div>\n\t\t\t\t<div class=\"elementor-element elementor-element-bd1a26b elementor-widget elementor-widget-text-editor\" data-id=\"bd1a26b\" data-element_type=\"widget\" data-widget_type=\"text-editor.default\">\n\t\t\t\t<div class=\"elementor-widget-container\">\n\t\t\t\t\t\t\t\t\t<h4><b>EXPERI\u00c8NCIA PROFESSIONAL<\/b><\/h4><p><b><br \/>TEATRE<\/b><\/p><p>2022-2023: <em>Blank<\/em> d&#8217;Alice Birch, direcci\u00f3 de Roberto Romei, Centre d&#8217;Arts Vives Joan Brossa<\/p><p>2021-2022: <em>El palmeral<\/em> d&#8217;Albert Tola, direcci\u00f3 de Rodrigo Garc\u00eda Olza, Teatre Akad\u00e8mia<\/p><p>2020-2021: <em>Lap\u00f2nia<\/em> de Cristina Clemente i Marc Angelet, en gira; <em>Ensayo sobre la Lucidez<\/em> de Jos\u00e9 Saramago, en gira, Red de Teatros Alternativos<\/p><p>2019-2020: <em>Lap\u00f2nia<\/em> de Cristina Clemente i Marc Angelet, en gira; <em>Assaig sobre la lucidesa<\/em> de Jos\u00e9 Saramago, Teatre Akad\u00e8mia de Barcelona<\/p><p>2018-2019: <em>Sarab<\/em>, d&#8217;Albert Tola, dirigida per Andrea Segura, Teatre Akademia de Barcelona; <em>Assaig sobre la lucidesa<\/em>, adaptaci\u00f3 de l&#8217;obra de Jos\u00e9 Saramago, a c\u00e0rrec de Jumon Erra, dirigida per Roger Juli\u00e0, Grec 2018, Teatre Lliure; 2017-2018: <em>Hist\u00f2ries d&#8217;Istambul<\/em><em>, <\/em>de Yesim Oszoy, dirigida per Joan Arqu\u00e9, Teatre Lliure de Gr\u00e0cia<\/p><p>2017-2018: <em>Hist\u00f2ries d&#8217;Istambul<\/em><em>, <\/em>de Yesim Oszoy, dirigida per Joan Arqu\u00e9, Grec 2017, Teatre Lliure (Espai Lliure)<\/p><p>2015-2016: <em>La dist\u00e0ncia entre el llamp i el tro<\/em>, de Jumon Erra, dirigida per Elena Fortuny i Jumon Erra, Teatre Tantarantana, Barcelona; <em>Tuppersex<\/em> d&#8217;Edu Pericas, Teatre Capitol de Barcelona, Nuevo Teatro Alcal\u00e1 de Madrid.<\/p><p>2014-2015: <em>Un Disgusto Dan\u00e9s<\/em>, escrita i dirigida per Jumon Erra, La Pensi\u00f3n de las Pulgas, Madrid<\/p><p>2013-2014: <i>L&#8217;Auca del Born<\/i>, escrita y dirigida por Jordi Casanovas, espectacle inaugural del Tricentenari de 1714, Born Centre Cultural<\/p><p>2012-2013: <i>Midsummer<\/i>, de David Greig, dir. Roberto Romei, Teatro Flumen de Valencia i Teatre Tantarantana<\/p><p>2011-2012: <i>Espiadimonis<\/i>, de Ramon Gomis, dir. Iban Beltran, CAER-Teatre Lliure; <i>Un disgust dan\u00e8s<\/i>, escrita i dirigida per Jumon Erra; Teatre Tantarantana<\/p><p>2010-2011: <i>Hair,<\/i> llibret de G. Ragni i J. Rado, m\u00fasica de G. McDermot, dir. Daniel Angl\u00e8s, Teatre Apolo, Teatre Ol\u00edmpia de Val\u00e8ncia<\/p><p>2009-2010: <i>Eileen Shakespeare<\/i>, (mon\u00f2leg) de Fabrice Melquiot, dir. Marta Gil Polo; <i>La Conquesta del Pol Sud<\/i>, de Manfred Karge, dir. Carles F. Giua, La Planeta Girona (Festival Temporada Alta) i Sala Beckett<\/p><p>2008-2009: <i>Trueta<\/i>, d&#8217;\u00c0ngels Aymar, dir. \u00c0ngels Aymar, Teatre Nacional de Catalunya; <em>Eileen Shakespeare,<\/em> (mon\u00f2leg) de Fabrice Melquiot, dir. Marta Gil Polo, Teatre Tantarantana; <i>Tres versions de la vida,<\/i> de Yasmina Reza, dir. Xicu Mas\u00f3, Teatro Club Capitol<\/p><p>2007-2008: <i>Intimitat<\/i>, de Hanif Kureishi, dir. Javier Daulte, La Villarroel, Barcelona<\/p><p>2006-2007: <i>No dormim<\/i>, de Katrin R\u00f6gla, dir. Cristina Schmutz, Obrador Sala Beckett i Teatre de Ponent de Granollers; <i>God is a DJ<\/i>, de Falch Richter, dir. Juan Carlos Martel, Estruch de Sabadell i Nau Ivanow (GREC\u201907); <i>Jo soc un altre<\/i>, d&#8217;Esteve Soler, dir. Tamzin Townsend, Teatre Nacional de Catalunya<\/p><p>2005-2006: <i>V.O.S. (versi\u00f3n original subtitulada)<\/i> direcci\u00f3 i dramaturgia original de Carol L\u00f3pez, Teatre Lliure 2004-2005: <i>Porno<\/i>, creaci\u00f3 col\u00b7lectiva, dramat\u00fargia original i direcci\u00f3 de Dani Salgado, Teatre Lliure; <i>Setsuko<\/i>, d&#8217;Albert Serra, dir. Taro Nakamura , Teatre Municipal de Banyoles<\/p><p>2003-2004: <i> Els Justos<\/i>, d&#8217;Albert Camus, dir. Silvia Ferrando, Teatre Lliure<\/p><p>2002-2003: <i>La Tempesta<\/i>, de William Shakespeare, dir. Silvia Ferrando, La Planeta Girona (Festival Temporada Alta)<\/p><p>2001-2002:<i> La filla del mar<\/i>, d&#8217;\u00c0ngel Guimer\u00e0, dir. Josep Maria Mestres, Teatre Nacional de Catalunya; <i>Assajos oberts : La vuelta al d\u00eda en ochenta mundos, Paraula de Bergman, Pasolini i El casament<\/i>, direcci\u00f3 y dramat\u00fargies de S\u00edlvia Ferrando, Teatre Lliure<\/p><p>2000-2001: <i>Dom Juan, o el fest\u00ed de pedra<\/i>, de Moli\u00e8re, dir. Ariel Garcia-Vald\u00e9s, espectacle inaugural GREC02, Teatre Grec<\/p><p>1999-2000: <i>Fashion, Feeling, Music<\/i>, dramat\u00fargia original de Llu\u00eds Hansen i J. M. Mestres, dir. Josep Maria Mestres, Teatre Lliure<\/p><p>1998-1999: <i>Salvats<\/i>, d&#8217;Eduard Bond, dir. Josep Maria Mestres, Teatre Lliure<b><\/b><\/p>\t\t\t\t\t\t\t\t<\/div>\n\t\t\t\t<\/div>\n\t\t\t\t<div class=\"elementor-element elementor-element-d8450c0 elementor-widget elementor-widget-text-editor\" data-id=\"d8450c0\" data-element_type=\"widget\" data-widget_type=\"text-editor.default\">\n\t\t\t\t<div class=\"elementor-widget-container\">\n\t\t\t\t\t\t\t\t\t<p><b>TELEVISI\u00d3<\/b><\/p><p><em>El mal invisible<\/em>, TV3 Mediapro, Marta Canals, secundari, 2025<\/p><p><em>Com si fos ahir,<\/em> TV3, Fl\u00e0via, secundari, temporada 6, 2022\/2023<\/p><p><em>Cu\u00e9ntame c\u00f3mo pas\u00f3<\/em>, RTVE, Carme, cap. 380, en 2021<\/p><p><em>Nasdrovia<\/em>, Movistar+, Globomedia, Pilar, cap. 1, 2020<\/p><p><em>La valla<\/em>, Antena 3, Atresmedia, Isabel, cap. 9, 2020<\/p><p><i>La Riera<\/i>, Tv3, psic\u00f2loga, cap. 792, 2013<\/p><p><i>La Sagrada Fam\u00edlia<\/i>, de Dagoll Dagom -Tv3, cap\u00edtol \u201cRamats\u201d, 2011<\/p><p><i>Ventdelpl\u00e0<\/i>, Tv3, secundari, Lali, (Temporades 6\u00aa i 7\u00aa)<\/p><p><i>Vinagre<\/i>, Tv3, cap\u00edtol 1.9, 2008<\/p><p><i>Porca Mis\u00e8ria<\/i>, Tv3, secundari, Paula, temporades 2006-07 i 2007-08<\/p><p><i>Jet Lag<\/i>, T de Teatre -Tv3, cap\u00edtol \u201cMiratges\u201d, 2006<\/p><p><i>Les mil i una<\/i>, dirigit per Jordi Gonz\u00e0lez, Tv3, actriu, temporades 1997-98, 1998-99 i 1999-00<\/p>\t\t\t\t\t\t\t\t<\/div>\n\t\t\t\t<\/div>\n\t\t\t\t<div class=\"elementor-element elementor-element-f5c331e elementor-widget elementor-widget-text-editor\" data-id=\"f5c331e\" data-element_type=\"widget\" data-widget_type=\"text-editor.default\">\n\t\t\t\t<div class=\"elementor-widget-container\">\n\t\t\t\t\t\t\t\t\t<p><b>CINEMA<\/b><\/p><p><em>El 47<\/em>, Mediapro, dirigida per Marcel Barrena, 2023<\/p><p><em>La revoluci\u00f3n de los \u00e1ngeles<\/em>, LRDLA, dirigida per Marc Barbena, 2014<\/p><p><i>Perro<\/i>, Esc\u00e1ndalo Films. dirigida per Llu\u00eds Segura, 2011<\/p><p><i>Las dos vidas de Andr\u00e9s Rabad\u00e1n<\/i>, Nanouk Films, dirigida per Bonaventura Durall, 2008<\/p><p><i>Amor en defensa propia,<\/i> Mediapro, dirigida per Rafa Ruso, 2004<\/p>\t\t\t\t\t\t\t\t<\/div>\n\t\t\t\t<\/div>\n\t\t\t\t<div class=\"elementor-element elementor-element-bca9ec0 elementor-widget elementor-widget-text-editor\" data-id=\"bca9ec0\" data-element_type=\"widget\" data-widget_type=\"text-editor.default\">\n\t\t\t\t<div class=\"elementor-widget-container\">\n\t\t\t\t\t\t\t\t\t<p><b>PREMIS I MENCIONS<\/b><\/p><p>Menci\u00f3 especial del Jurat, Festival de Directoras de Torrej\u00f3n de Ardoz, 2010, per la interpretaci\u00f3 del mon\u00f2leg <i>Eileen Shakespeare<\/i>, de Fabrice Melquiot, dir. Marta Gil Polo<\/p>\t\t\t\t\t\t\t\t<\/div>\n\t\t\t\t<\/div>\n\t\t\t\t<\/div>\n\t\t<div class=\"elementor-element elementor-element-16e052f e-con-full e-flex e-con e-child\" data-id=\"16e052f\" data-element_type=\"container\" data-settings=\"{&quot;background_background&quot;:&quot;classic&quot;,&quot;sticky&quot;:&quot;top&quot;,&quot;sticky_on&quot;:[&quot;desktop&quot;,&quot;tablet&quot;],&quot;sticky_parent&quot;:&quot;yes&quot;,&quot;sticky_offset&quot;:0,&quot;sticky_effects_offset&quot;:0,&quot;sticky_anchor_link_offset&quot;:0}\">\n\t\t\t\t<\/div>\n\t\t\t\t<\/div>\n\t\t\t\t<\/div>\n\t\t","protected":false},"excerpt":{"rendered":"<p>Curr\u00edculum T\u00cdTOLS ACAD\u00c8MICST\u00edtol Superior d&#8217;Art Dram\u00e0tic, especialitat d&#8217;Interpretaci\u00f3 (Teatre de Text), 1997-2001, Institut del Teatre de Barcelona Premi extraordinari Institut del Teatre 2002 Llicenciada en Econ\u00f2miques i Empresarials, Universitat Pompeu Fabra, 1991-95 IDIOMES Angl\u00e8s (Proficiency)Franc\u00e8s (Nivel mig, B1)Itali\u00e0 (nocions) Castell\u00e0 (nadiu) Catal\u00e0 (nadiu, C2) FORMACI\u00d3 CONTINUADA CANT Estill Voice Training: nivells I i II + [&hellip;]<\/p>\n","protected":false},"author":3,"featured_media":1364,"parent":0,"menu_order":0,"comment_status":"closed","ping_status":"closed","template":"","meta":{"_acf_changed":false,"footnotes":""},"class_list":["post-37","page","type-page","status-publish","has-post-thumbnail","hentry"],"acf":[],"yoast_head":"<!-- This site is optimized with the Yoast SEO plugin v27.4 - https:\/\/yoast.com\/product\/yoast-seo-wordpress\/ -->\n<title>Biograf\u00eda de la actriz Elena Fortuny<\/title>\n<meta name=\"description\" content=\"Formaci\u00f3n y experiencia profesional de la actriz Elena Fortuny.\" \/>\n<meta name=\"robots\" content=\"index, follow, max-snippet:-1, max-image-preview:large, max-video-preview:-1\" \/>\n<link rel=\"canonical\" href=\"https:\/\/elenafortuny.com\/ca\/bio-actriu\/\" \/>\n<meta property=\"og:locale\" content=\"ca_ES\" \/>\n<meta property=\"og:type\" content=\"article\" \/>\n<meta property=\"og:title\" content=\"Biograf\u00eda de la actriz Elena Fortuny\" \/>\n<meta property=\"og:description\" content=\"Formaci\u00f3n y experiencia profesional de la actriz Elena Fortuny.\" \/>\n<meta property=\"og:url\" content=\"https:\/\/elenafortuny.com\/ca\/bio-actriu\/\" \/>\n<meta property=\"og:site_name\" content=\"Elena Fortuny\" \/>\n<meta property=\"article:modified_time\" content=\"2025-03-21T18:18:26+00:00\" \/>\n<meta property=\"og:image\" content=\"https:\/\/elenafortuny.com\/wp-content\/uploads\/2021\/04\/elena-fortuny-fondo-bio.jpg\" \/>\n\t<meta property=\"og:image:width\" content=\"2560\" \/>\n\t<meta property=\"og:image:height\" content=\"1434\" \/>\n\t<meta property=\"og:image:type\" content=\"image\/jpeg\" \/>\n<meta name=\"twitter:label1\" content=\"Temps estimat de lectura\" \/>\n\t<meta name=\"twitter:data1\" content=\"5 minuts\" \/>\n<script type=\"application\/ld+json\" class=\"yoast-schema-graph\">{\"@context\":\"https:\\\/\\\/schema.org\",\"@graph\":[{\"@type\":\"WebPage\",\"@id\":\"https:\\\/\\\/elenafortuny.com\\\/ca\\\/bio-actriu\\\/\",\"url\":\"https:\\\/\\\/elenafortuny.com\\\/ca\\\/bio-actriu\\\/\",\"name\":\"Biograf\u00eda de la actriz Elena Fortuny\",\"isPartOf\":{\"@id\":\"https:\\\/\\\/elenafortuny.com\\\/ca\\\/#website\"},\"primaryImageOfPage\":{\"@id\":\"https:\\\/\\\/elenafortuny.com\\\/ca\\\/bio-actriu\\\/#primaryimage\"},\"image\":{\"@id\":\"https:\\\/\\\/elenafortuny.com\\\/ca\\\/bio-actriu\\\/#primaryimage\"},\"thumbnailUrl\":\"https:\\\/\\\/elenafortuny.com\\\/wp-content\\\/uploads\\\/2021\\\/04\\\/elena-fortuny-fondo-bio.jpg\",\"datePublished\":\"2021-03-22T11:21:23+00:00\",\"dateModified\":\"2025-03-21T18:18:26+00:00\",\"description\":\"Formaci\u00f3n y experiencia profesional de la actriz Elena Fortuny.\",\"breadcrumb\":{\"@id\":\"https:\\\/\\\/elenafortuny.com\\\/ca\\\/bio-actriu\\\/#breadcrumb\"},\"inLanguage\":\"ca\",\"potentialAction\":[{\"@type\":\"ReadAction\",\"target\":[\"https:\\\/\\\/elenafortuny.com\\\/ca\\\/bio-actriu\\\/\"]}]},{\"@type\":\"ImageObject\",\"inLanguage\":\"ca\",\"@id\":\"https:\\\/\\\/elenafortuny.com\\\/ca\\\/bio-actriu\\\/#primaryimage\",\"url\":\"https:\\\/\\\/elenafortuny.com\\\/wp-content\\\/uploads\\\/2021\\\/04\\\/elena-fortuny-fondo-bio.jpg\",\"contentUrl\":\"https:\\\/\\\/elenafortuny.com\\\/wp-content\\\/uploads\\\/2021\\\/04\\\/elena-fortuny-fondo-bio.jpg\",\"width\":2560,\"height\":1434,\"caption\":\"Elena Fortuny | Actriz\"},{\"@type\":\"BreadcrumbList\",\"@id\":\"https:\\\/\\\/elenafortuny.com\\\/ca\\\/bio-actriu\\\/#breadcrumb\",\"itemListElement\":[{\"@type\":\"ListItem\",\"position\":1,\"name\":\"Portada\",\"item\":\"https:\\\/\\\/elenafortuny.com\\\/ca\\\/\"},{\"@type\":\"ListItem\",\"position\":2,\"name\":\"Bio\"}]},{\"@type\":\"WebSite\",\"@id\":\"https:\\\/\\\/elenafortuny.com\\\/ca\\\/#website\",\"url\":\"https:\\\/\\\/elenafortuny.com\\\/ca\\\/\",\"name\":\"Elena Fortuny\",\"description\":\"actriz\",\"potentialAction\":[{\"@type\":\"SearchAction\",\"target\":{\"@type\":\"EntryPoint\",\"urlTemplate\":\"https:\\\/\\\/elenafortuny.com\\\/ca\\\/?s={search_term_string}\"},\"query-input\":{\"@type\":\"PropertyValueSpecification\",\"valueRequired\":true,\"valueName\":\"search_term_string\"}}],\"inLanguage\":\"ca\"}]}<\/script>\n<!-- \/ Yoast SEO plugin. -->","yoast_head_json":{"title":"Biograf\u00eda de la actriz Elena Fortuny","description":"Formaci\u00f3n y experiencia profesional de la actriz Elena Fortuny.","robots":{"index":"index","follow":"follow","max-snippet":"max-snippet:-1","max-image-preview":"max-image-preview:large","max-video-preview":"max-video-preview:-1"},"canonical":"https:\/\/elenafortuny.com\/ca\/bio-actriu\/","og_locale":"ca_ES","og_type":"article","og_title":"Biograf\u00eda de la actriz Elena Fortuny","og_description":"Formaci\u00f3n y experiencia profesional de la actriz Elena Fortuny.","og_url":"https:\/\/elenafortuny.com\/ca\/bio-actriu\/","og_site_name":"Elena Fortuny","article_modified_time":"2025-03-21T18:18:26+00:00","og_image":[{"width":2560,"height":1434,"url":"https:\/\/elenafortuny.com\/wp-content\/uploads\/2021\/04\/elena-fortuny-fondo-bio.jpg","type":"image\/jpeg"}],"twitter_misc":{"Temps estimat de lectura":"5 minuts"},"schema":{"@context":"https:\/\/schema.org","@graph":[{"@type":"WebPage","@id":"https:\/\/elenafortuny.com\/ca\/bio-actriu\/","url":"https:\/\/elenafortuny.com\/ca\/bio-actriu\/","name":"Biograf\u00eda de la actriz Elena Fortuny","isPartOf":{"@id":"https:\/\/elenafortuny.com\/ca\/#website"},"primaryImageOfPage":{"@id":"https:\/\/elenafortuny.com\/ca\/bio-actriu\/#primaryimage"},"image":{"@id":"https:\/\/elenafortuny.com\/ca\/bio-actriu\/#primaryimage"},"thumbnailUrl":"https:\/\/elenafortuny.com\/wp-content\/uploads\/2021\/04\/elena-fortuny-fondo-bio.jpg","datePublished":"2021-03-22T11:21:23+00:00","dateModified":"2025-03-21T18:18:26+00:00","description":"Formaci\u00f3n y experiencia profesional de la actriz Elena Fortuny.","breadcrumb":{"@id":"https:\/\/elenafortuny.com\/ca\/bio-actriu\/#breadcrumb"},"inLanguage":"ca","potentialAction":[{"@type":"ReadAction","target":["https:\/\/elenafortuny.com\/ca\/bio-actriu\/"]}]},{"@type":"ImageObject","inLanguage":"ca","@id":"https:\/\/elenafortuny.com\/ca\/bio-actriu\/#primaryimage","url":"https:\/\/elenafortuny.com\/wp-content\/uploads\/2021\/04\/elena-fortuny-fondo-bio.jpg","contentUrl":"https:\/\/elenafortuny.com\/wp-content\/uploads\/2021\/04\/elena-fortuny-fondo-bio.jpg","width":2560,"height":1434,"caption":"Elena Fortuny | Actriz"},{"@type":"BreadcrumbList","@id":"https:\/\/elenafortuny.com\/ca\/bio-actriu\/#breadcrumb","itemListElement":[{"@type":"ListItem","position":1,"name":"Portada","item":"https:\/\/elenafortuny.com\/ca\/"},{"@type":"ListItem","position":2,"name":"Bio"}]},{"@type":"WebSite","@id":"https:\/\/elenafortuny.com\/ca\/#website","url":"https:\/\/elenafortuny.com\/ca\/","name":"Elena Fortuny","description":"actriz","potentialAction":[{"@type":"SearchAction","target":{"@type":"EntryPoint","urlTemplate":"https:\/\/elenafortuny.com\/ca\/?s={search_term_string}"},"query-input":{"@type":"PropertyValueSpecification","valueRequired":true,"valueName":"search_term_string"}}],"inLanguage":"ca"}]}},"_links":{"self":[{"href":"https:\/\/elenafortuny.com\/ca\/wp-json\/wp\/v2\/pages\/37","targetHints":{"allow":["GET"]}}],"collection":[{"href":"https:\/\/elenafortuny.com\/ca\/wp-json\/wp\/v2\/pages"}],"about":[{"href":"https:\/\/elenafortuny.com\/ca\/wp-json\/wp\/v2\/types\/page"}],"author":[{"embeddable":true,"href":"https:\/\/elenafortuny.com\/ca\/wp-json\/wp\/v2\/users\/3"}],"replies":[{"embeddable":true,"href":"https:\/\/elenafortuny.com\/ca\/wp-json\/wp\/v2\/comments?post=37"}],"version-history":[{"count":10,"href":"https:\/\/elenafortuny.com\/ca\/wp-json\/wp\/v2\/pages\/37\/revisions"}],"predecessor-version":[{"id":2937,"href":"https:\/\/elenafortuny.com\/ca\/wp-json\/wp\/v2\/pages\/37\/revisions\/2937"}],"wp:featuredmedia":[{"embeddable":true,"href":"https:\/\/elenafortuny.com\/ca\/wp-json\/wp\/v2\/media\/1364"}],"wp:attachment":[{"href":"https:\/\/elenafortuny.com\/ca\/wp-json\/wp\/v2\/media?parent=37"}],"curies":[{"name":"wp","href":"https:\/\/api.w.org\/{rel}","templated":true}]}}