{"id":70,"date":"2014-03-12T07:59:32","date_gmt":"2014-03-12T06:59:32","guid":{"rendered":"http:\/\/elenafortuny.com\/?page_id=70"},"modified":"2025-03-01T07:35:00","modified_gmt":"2025-03-01T06:35:00","slug":"noticies","status":"publish","type":"page","link":"https:\/\/elenafortuny.com\/ca\/noticies\/","title":{"rendered":"Not\u00edcies"},"content":{"rendered":"\t\t<div data-elementor-type=\"wp-page\" data-elementor-id=\"70\" class=\"elementor elementor-70 elementor-68\" data-elementor-post-type=\"page\">\n\t\t\t\t<div class=\"elementor-element elementor-element-6bea557 e-con-full e-flex e-con e-parent\" data-id=\"6bea557\" data-element_type=\"container\">\n\t\t\t\t<div class=\"elementor-element elementor-element-ea76793 elementor-grid-3 elementor-grid-tablet-2 elementor-grid-mobile-1 elementor-posts--thumbnail-top load-more-align-center elementor-widget elementor-widget-posts\" data-id=\"ea76793\" data-element_type=\"widget\" data-settings=\"{&quot;classic_row_gap&quot;:{&quot;unit&quot;:&quot;px&quot;,&quot;size&quot;:40,&quot;sizes&quot;:[]},&quot;pagination_type&quot;:&quot;load_more_on_click&quot;,&quot;classic_columns&quot;:&quot;3&quot;,&quot;classic_columns_tablet&quot;:&quot;2&quot;,&quot;classic_columns_mobile&quot;:&quot;1&quot;,&quot;classic_row_gap_tablet&quot;:{&quot;unit&quot;:&quot;px&quot;,&quot;size&quot;:&quot;&quot;,&quot;sizes&quot;:[]},&quot;classic_row_gap_mobile&quot;:{&quot;unit&quot;:&quot;px&quot;,&quot;size&quot;:&quot;&quot;,&quot;sizes&quot;:[]},&quot;load_more_spinner&quot;:{&quot;value&quot;:&quot;fas fa-spinner&quot;,&quot;library&quot;:&quot;fa-solid&quot;}}\" data-widget_type=\"posts.classic\">\n\t\t\t\t<div class=\"elementor-widget-container\">\n\t\t\t\t\t\t\t<div class=\"elementor-posts-container elementor-posts elementor-posts--skin-classic elementor-grid\">\n\t\t\t\t<article class=\"elementor-post elementor-grid-item post-2853 post type-post status-publish format-standard hentry category-noticias\">\n\t\t\t\t<div class=\"elementor-post__text\">\n\t\t\t\t<h3 class=\"elementor-post__title\">\n\t\t\t<a href=\"https:\/\/elenafortuny.com\/ca\/el-mal-invisible\/\" >\n\t\t\t\tEl mal invisible\t\t\t<\/a>\n\t\t<\/h3>\n\t\t\t\t<div class=\"elementor-post__meta-data\">\n\t\t\t\t\t<span class=\"elementor-post-date\">\n\t\t\t28 de febrer de 2025\t\t<\/span>\n\t\t\t\t<\/div>\n\t\t\t\t<div class=\"elementor-post__excerpt\">\n\t\t\t<p>TV3\/Mediapro La actriz Elena Fortuny participa en la nueva serie de TV3 El mal invisible de Lluis Azcarazo, dirigida por Marta Pahissa y protagonizada entre<\/p>\n\t\t<\/div>\n\t\t\t\t<\/div>\n\t\t\t\t<\/article>\n\t\t\t\t<article class=\"elementor-post elementor-grid-item post-2497 post type-post status-publish format-standard has-post-thumbnail hentry category-noticies\">\n\t\t\t\t<a class=\"elementor-post__thumbnail__link\" href=\"https:\/\/elenafortuny.com\/ca\/17-esbossos-des-de-la-foscor\/\" tabindex=\"-1\" >\n\t\t\t<div class=\"elementor-post__thumbnail\"><img fetchpriority=\"high\" decoding=\"async\" width=\"768\" height=\"1024\" src=\"https:\/\/elenafortuny.com\/wp-content\/uploads\/2024\/01\/cartell2-768x1024.jpeg\" class=\"elementor-animation-grow attachment-medium_large size-medium_large wp-image-2492\" alt=\"\" srcset=\"https:\/\/elenafortuny.com\/wp-content\/uploads\/2024\/01\/cartell2-768x1024.jpeg 768w, https:\/\/elenafortuny.com\/wp-content\/uploads\/2024\/01\/cartell2-225x300.jpeg 225w, https:\/\/elenafortuny.com\/wp-content\/uploads\/2024\/01\/cartell2-1152x1536.jpeg 1152w, https:\/\/elenafortuny.com\/wp-content\/uploads\/2024\/01\/cartell2.jpeg 1200w\" sizes=\"(max-width: 768px) 100vw, 768px\" \/><\/div>\n\t\t<\/a>\n\t\t\t\t<div class=\"elementor-post__text\">\n\t\t\t\t<h3 class=\"elementor-post__title\">\n\t\t\t<a href=\"https:\/\/elenafortuny.com\/ca\/17-esbossos-des-de-la-foscor\/\" >\n\t\t\t\tElena Fortuny dirigeix 17 esbossos des de la foscor de Roland Schimmelpfennig\t\t\t<\/a>\n\t\t<\/h3>\n\t\t\t\t<div class=\"elementor-post__meta-data\">\n\t\t\t\t\t<span class=\"elementor-post-date\">\n\t\t\t17 de gener de 2024\t\t<\/span>\n\t\t\t\t<\/div>\n\t\t\t\t<div class=\"elementor-post__excerpt\">\n\t\t\t<p>Un soldat, una treballadora sexual no bin\u00e0ria, una cambrera i un supervisor d\u2019hotel, una parella heteronormativa en crisi, un guionista a l\u2019atur, una gata que<\/p>\n\t\t<\/div>\n\t\t\t\t<\/div>\n\t\t\t\t<\/article>\n\t\t\t\t<article class=\"elementor-post elementor-grid-item post-2004 post type-post status-publish format-standard has-post-thumbnail hentry category-noticies\">\n\t\t\t\t<a class=\"elementor-post__thumbnail__link\" href=\"https:\/\/elenafortuny.com\/ca\/lactriu-elena-fortuny-ha-participat-en-el-47-lultima-pellicula-de-marcel-barrena\/\" tabindex=\"-1\" >\n\t\t\t<div class=\"elementor-post__thumbnail\"><img decoding=\"async\" width=\"696\" height=\"513\" src=\"https:\/\/elenafortuny.com\/wp-content\/uploads\/2023\/08\/El-47.webp\" class=\"elementor-animation-grow attachment-medium_large size-medium_large wp-image-2002\" alt=\"\" srcset=\"https:\/\/elenafortuny.com\/wp-content\/uploads\/2023\/08\/El-47.webp 696w, https:\/\/elenafortuny.com\/wp-content\/uploads\/2023\/08\/El-47-300x221.webp 300w\" sizes=\"(max-width: 696px) 100vw, 696px\" \/><\/div>\n\t\t<\/a>\n\t\t\t\t<div class=\"elementor-post__text\">\n\t\t\t\t<h3 class=\"elementor-post__title\">\n\t\t\t<a href=\"https:\/\/elenafortuny.com\/ca\/lactriu-elena-fortuny-ha-participat-en-el-47-lultima-pellicula-de-marcel-barrena\/\" >\n\t\t\t\tElena Fortuny participa com a actriu a El 47, l&#8217;\u00faltima pel\u00b7l\u00edcula de Marcel Barrena\t\t\t<\/a>\n\t\t<\/h3>\n\t\t\t\t<div class=\"elementor-post__meta-data\">\n\t\t\t\t\t<span class=\"elementor-post-date\">\n\t\t\t22 d'agost de 2023\t\t<\/span>\n\t\t\t\t<\/div>\n\t\t\t\t<div class=\"elementor-post__excerpt\">\n\t\t\t<p>L&#8217;actriu Elena Fortuny ha participat a El 47 l&#8217;\u00faltima pel\u00b7l\u00edcula de Marcel Barrena [Mediapro]. El rodatge s&#8217;ha realitzat \u00edntegrament a Barcelona durant durant els mesos<\/p>\n\t\t<\/div>\n\t\t\t\t<\/div>\n\t\t\t\t<\/article>\n\t\t\t\t<article class=\"elementor-post elementor-grid-item post-1917 post type-post status-publish format-standard has-post-thumbnail hentry category-noticies\">\n\t\t\t\t<a class=\"elementor-post__thumbnail__link\" href=\"https:\/\/elenafortuny.com\/ca\/elena-fortuny-es-la-flavia-a-com-si-fos-ahir\/\" tabindex=\"-1\" >\n\t\t\t<div class=\"elementor-post__thumbnail\"><img decoding=\"async\" width=\"768\" height=\"432\" src=\"https:\/\/elenafortuny.com\/wp-content\/uploads\/2023\/03\/flavia-csfa-768x432.webp\" class=\"elementor-animation-grow attachment-medium_large size-medium_large wp-image-2010\" alt=\"Andr\u00e9s Herrera Elena Fortuny Jordi Fl\u00e0via CSFA\" srcset=\"https:\/\/elenafortuny.com\/wp-content\/uploads\/2023\/03\/flavia-csfa-768x432.webp 768w, https:\/\/elenafortuny.com\/wp-content\/uploads\/2023\/03\/flavia-csfa-300x169.webp 300w, https:\/\/elenafortuny.com\/wp-content\/uploads\/2023\/03\/flavia-csfa-1024x576.webp 1024w, https:\/\/elenafortuny.com\/wp-content\/uploads\/2023\/03\/flavia-csfa-1536x864.webp 1536w, https:\/\/elenafortuny.com\/wp-content\/uploads\/2023\/03\/flavia-csfa-700x394.webp 700w, https:\/\/elenafortuny.com\/wp-content\/uploads\/2023\/03\/flavia-csfa-1100x619.webp 1100w, https:\/\/elenafortuny.com\/wp-content\/uploads\/2023\/03\/flavia-csfa.webp 1920w\" sizes=\"(max-width: 768px) 100vw, 768px\" \/><\/div>\n\t\t<\/a>\n\t\t\t\t<div class=\"elementor-post__text\">\n\t\t\t\t<h3 class=\"elementor-post__title\">\n\t\t\t<a href=\"https:\/\/elenafortuny.com\/ca\/elena-fortuny-es-la-flavia-a-com-si-fos-ahir\/\" >\n\t\t\t\tElena Fortuny \u00e9s la Fl\u00e0via a Com si fos ahir\t\t\t<\/a>\n\t\t<\/h3>\n\t\t\t\t<div class=\"elementor-post__meta-data\">\n\t\t\t\t\t<span class=\"elementor-post-date\">\n\t\t\t22 de mar\u00e7 de 2023\t\t<\/span>\n\t\t\t\t<\/div>\n\t\t\t\t<div class=\"elementor-post__excerpt\">\n\t\t\t<p>L&#8217;actriu Elena Fortuny s&#8217;ha incorporat a la 6\u00aa temporada de la s\u00e8rie di\u00e0ria de TVC\/TV3 Com si fos ahir. Fortuny interpreta la Fl\u00e0via, la nova<\/p>\n\t\t<\/div>\n\t\t\t\t<\/div>\n\t\t\t\t<\/article>\n\t\t\t\t<article class=\"elementor-post elementor-grid-item post-1887 post type-post status-publish format-standard has-post-thumbnail hentry category-noticies\">\n\t\t\t\t<a class=\"elementor-post__thumbnail__link\" href=\"https:\/\/elenafortuny.com\/ca\/elena-fortuny-protagonitza-blank-d-alice-birch-al-centre-darts-lliures-de-barcelona\/\" tabindex=\"-1\" >\n\t\t\t<div class=\"elementor-post__thumbnail\"><img loading=\"lazy\" decoding=\"async\" width=\"768\" height=\"1189\" src=\"https:\/\/elenafortuny.com\/wp-content\/uploads\/2023\/02\/BR_Cartell_RGB_Brossa-768x1189.jpeg\" class=\"elementor-animation-grow attachment-medium_large size-medium_large wp-image-1885\" alt=\"\" srcset=\"https:\/\/elenafortuny.com\/wp-content\/uploads\/2023\/02\/BR_Cartell_RGB_Brossa-768x1189.jpeg 768w, https:\/\/elenafortuny.com\/wp-content\/uploads\/2023\/02\/BR_Cartell_RGB_Brossa-194x300.jpeg 194w, https:\/\/elenafortuny.com\/wp-content\/uploads\/2023\/02\/BR_Cartell_RGB_Brossa-661x1024.jpeg 661w, https:\/\/elenafortuny.com\/wp-content\/uploads\/2023\/02\/BR_Cartell_RGB_Brossa-992x1536.jpeg 992w, https:\/\/elenafortuny.com\/wp-content\/uploads\/2023\/02\/BR_Cartell_RGB_Brossa-1322x2048.jpeg 1322w, https:\/\/elenafortuny.com\/wp-content\/uploads\/2023\/02\/BR_Cartell_RGB_Brossa-700x1084.jpeg 700w, https:\/\/elenafortuny.com\/wp-content\/uploads\/2023\/02\/BR_Cartell_RGB_Brossa-1100x1704.jpeg 1100w, https:\/\/elenafortuny.com\/wp-content\/uploads\/2023\/02\/BR_Cartell_RGB_Brossa-scaled.jpeg 1653w\" sizes=\"(max-width: 768px) 100vw, 768px\" \/><\/div>\n\t\t<\/a>\n\t\t\t\t<div class=\"elementor-post__text\">\n\t\t\t\t<h3 class=\"elementor-post__title\">\n\t\t\t<a href=\"https:\/\/elenafortuny.com\/ca\/elena-fortuny-protagonitza-blank-d-alice-birch-al-centre-darts-lliures-de-barcelona\/\" >\n\t\t\t\tElena Fortuny protagonitza [BLANK] d&#8217; Alice Birch al Centre d&#8217;Arts Lliures de Barcelona\t\t\t<\/a>\n\t\t<\/h3>\n\t\t\t\t<div class=\"elementor-post__meta-data\">\n\t\t\t\t\t<span class=\"elementor-post-date\">\n\t\t\t23 de febrer de 2023\t\t<\/span>\n\t\t\t\t<\/div>\n\t\t\t\t<div class=\"elementor-post__excerpt\">\n\t\t\t<p>L&#8217;obra de la reconeguda autora brit\u00e0nica ha estat tradu\u00efda al catal\u00e0 per Helena Tornero, est\u00e0 dirigida per Roberto Romei i interpretada per Elena Fortuny, Dani<\/p>\n\t\t<\/div>\n\t\t\t\t<\/div>\n\t\t\t\t<\/article>\n\t\t\t\t<article class=\"elementor-post elementor-grid-item post-1851 post type-post status-publish format-standard has-post-thumbnail hentry category-noticies\">\n\t\t\t\t<a class=\"elementor-post__thumbnail__link\" href=\"https:\/\/elenafortuny.com\/ca\/bailando-con-lobos-barris-i-pandemia-omple-de-gom-a-gom-el-mercat-de-les-flors\/\" tabindex=\"-1\" >\n\t\t\t<div class=\"elementor-post__thumbnail\"><img loading=\"lazy\" decoding=\"async\" width=\"768\" height=\"512\" src=\"https:\/\/elenafortuny.com\/wp-content\/uploads\/2022\/12\/bailando-con-lobos-2-768x512.jpg\" class=\"elementor-animation-grow attachment-medium_large size-medium_large wp-image-1780\" alt=\"\" srcset=\"https:\/\/elenafortuny.com\/wp-content\/uploads\/2022\/12\/bailando-con-lobos-2-768x512.jpg 768w, https:\/\/elenafortuny.com\/wp-content\/uploads\/2022\/12\/bailando-con-lobos-2-300x200.jpg 300w, https:\/\/elenafortuny.com\/wp-content\/uploads\/2022\/12\/bailando-con-lobos-2-1024x683.jpg 1024w, https:\/\/elenafortuny.com\/wp-content\/uploads\/2022\/12\/bailando-con-lobos-2-700x467.jpg 700w, https:\/\/elenafortuny.com\/wp-content\/uploads\/2022\/12\/bailando-con-lobos-2-1100x733.jpg 1100w, https:\/\/elenafortuny.com\/wp-content\/uploads\/2022\/12\/bailando-con-lobos-2.jpg 1200w\" sizes=\"(max-width: 768px) 100vw, 768px\" \/><\/div>\n\t\t<\/a>\n\t\t\t\t<div class=\"elementor-post__text\">\n\t\t\t\t<h3 class=\"elementor-post__title\">\n\t\t\t<a href=\"https:\/\/elenafortuny.com\/ca\/bailando-con-lobos-barris-i-pandemia-omple-de-gom-a-gom-el-mercat-de-les-flors\/\" >\n\t\t\t\tBailando con lobos [Barris i Pand\u00e8mia] omple de gom a gom el Mercat de les Flors\t\t\t<\/a>\n\t\t<\/h3>\n\t\t\t\t<div class=\"elementor-post__meta-data\">\n\t\t\t\t\t<span class=\"elementor-post-date\">\n\t\t\t20 de desembre de 2022\t\t<\/span>\n\t\t\t\t<\/div>\n\t\t\t\t<div class=\"elementor-post__excerpt\">\n\t\t\t<p>Bailando con lobos [Barris i Pand\u00e8mia], projecte esc\u00e8nic comunitari dirigit per Elena Fortuny, Jumon Erra i Pere Faura, ha omplert el Mercat dels Flors. El<\/p>\n\t\t<\/div>\n\t\t\t\t<\/div>\n\t\t\t\t<\/article>\n\t\t\t\t<article class=\"elementor-post elementor-grid-item post-1848 post type-post status-publish format-standard has-post-thumbnail hentry category-noticies\">\n\t\t\t\t<a class=\"elementor-post__thumbnail__link\" href=\"https:\/\/elenafortuny.com\/ca\/de-noviembre-a-noviembre-dirigida-per-elena-fortuny-en-residencia-a-la-casa-del-teatre-nu\/\" tabindex=\"-1\" >\n\t\t\t<div class=\"elementor-post__thumbnail\"><img loading=\"lazy\" decoding=\"async\" width=\"768\" height=\"1024\" src=\"https:\/\/elenafortuny.com\/wp-content\/uploads\/2022\/12\/WhatsApp-Image-2022-12-20-at-17.43.01.jpeg\" class=\"elementor-animation-grow attachment-medium_large size-medium_large wp-image-1846\" alt=\"\" srcset=\"https:\/\/elenafortuny.com\/wp-content\/uploads\/2022\/12\/WhatsApp-Image-2022-12-20-at-17.43.01.jpeg 768w, https:\/\/elenafortuny.com\/wp-content\/uploads\/2022\/12\/WhatsApp-Image-2022-12-20-at-17.43.01-225x300.jpeg 225w, https:\/\/elenafortuny.com\/wp-content\/uploads\/2022\/12\/WhatsApp-Image-2022-12-20-at-17.43.01-600x800.jpeg 600w, https:\/\/elenafortuny.com\/wp-content\/uploads\/2022\/12\/WhatsApp-Image-2022-12-20-at-17.43.01-700x933.jpeg 700w\" sizes=\"(max-width: 768px) 100vw, 768px\" \/><\/div>\n\t\t<\/a>\n\t\t\t\t<div class=\"elementor-post__text\">\n\t\t\t\t<h3 class=\"elementor-post__title\">\n\t\t\t<a href=\"https:\/\/elenafortuny.com\/ca\/de-noviembre-a-noviembre-dirigida-per-elena-fortuny-en-residencia-a-la-casa-del-teatre-nu\/\" >\n\t\t\t\tDe noviembre a noviembre, dirigida per Elena Fortuny, en resid\u00e8ncia a la Casa del Teatre Nu\t\t\t<\/a>\n\t\t<\/h3>\n\t\t\t\t<div class=\"elementor-post__meta-data\">\n\t\t\t\t\t<span class=\"elementor-post-date\">\n\t\t\t17 de desembre de 2022\t\t<\/span>\n\t\t\t\t<\/div>\n\t\t\t\t<div class=\"elementor-post__excerpt\">\n\t\t\t<p>De noviembre a noviembre, a partir de la confer\u00e8ncia de Federico Garc\u00eda Lorca, amb dramat\u00fargia de Daniel P\u00e9rez Mar\u00edn, direcci\u00f3 musical de Marc Sambola i<\/p>\n\t\t<\/div>\n\t\t\t\t<\/div>\n\t\t\t\t<\/article>\n\t\t\t\t<article class=\"elementor-post elementor-grid-item post-1539 post type-post status-publish format-standard has-post-thumbnail hentry category-noticies\">\n\t\t\t\t<a class=\"elementor-post__thumbnail__link\" href=\"https:\/\/elenafortuny.com\/ca\/elena-fortuny-dirigeix-la-debil-mental-dariana-harwicz\/\" tabindex=\"-1\" >\n\t\t\t<div class=\"elementor-post__thumbnail\"><img loading=\"lazy\" decoding=\"async\" width=\"768\" height=\"512\" src=\"https:\/\/elenafortuny.com\/wp-content\/uploads\/2022\/06\/CG2B5577_Sel-768x512.jpg\" class=\"elementor-animation-grow attachment-medium_large size-medium_large wp-image-1537\" alt=\"\u00a9Gustavo Germano\" srcset=\"https:\/\/elenafortuny.com\/wp-content\/uploads\/2022\/06\/CG2B5577_Sel-768x512.jpg 768w, https:\/\/elenafortuny.com\/wp-content\/uploads\/2022\/06\/CG2B5577_Sel-300x200.jpg 300w, https:\/\/elenafortuny.com\/wp-content\/uploads\/2022\/06\/CG2B5577_Sel-1024x683.jpg 1024w, https:\/\/elenafortuny.com\/wp-content\/uploads\/2022\/06\/CG2B5577_Sel-1536x1024.jpg 1536w, https:\/\/elenafortuny.com\/wp-content\/uploads\/2022\/06\/CG2B5577_Sel-2048x1365.jpg 2048w, https:\/\/elenafortuny.com\/wp-content\/uploads\/2022\/06\/CG2B5577_Sel-700x467.jpg 700w, https:\/\/elenafortuny.com\/wp-content\/uploads\/2022\/06\/CG2B5577_Sel-1100x733.jpg 1100w\" sizes=\"(max-width: 768px) 100vw, 768px\" \/><\/div>\n\t\t<\/a>\n\t\t\t\t<div class=\"elementor-post__text\">\n\t\t\t\t<h3 class=\"elementor-post__title\">\n\t\t\t<a href=\"https:\/\/elenafortuny.com\/ca\/elena-fortuny-dirigeix-la-debil-mental-dariana-harwicz\/\" >\n\t\t\t\tElena Fortuny dirigeix La d\u00e9bil mental d&#8217;Ariana Harwicz\t\t\t<\/a>\n\t\t<\/h3>\n\t\t\t\t<div class=\"elementor-post__meta-data\">\n\t\t\t\t\t<span class=\"elementor-post-date\">\n\t\t\t23 de juny de 2022\t\t<\/span>\n\t\t\t\t<\/div>\n\t\t\t\t<div class=\"elementor-post__excerpt\">\n\t\t\t<p>Elena Fortuny dirigeix La d\u00e9bil mental d&#8217;Ariana Harwicz. L&#8217; adaptaci\u00f3 teatral de la novel\u00b7la hom\u00f2nima la signen la mateixa autora i el dramaturg Alfredo Alonso.<\/p>\n\t\t<\/div>\n\t\t\t\t<\/div>\n\t\t\t\t<\/article>\n\t\t\t\t<article class=\"elementor-post elementor-grid-item post-1484 post type-post status-publish format-standard has-post-thumbnail hentry category-noticies\">\n\t\t\t\t<a class=\"elementor-post__thumbnail__link\" href=\"https:\/\/elenafortuny.com\/ca\/elena-fortuny-dirigeix-el-pont-al-malda\/\" tabindex=\"-1\" >\n\t\t\t<div class=\"elementor-post__thumbnail\"><img loading=\"lazy\" decoding=\"async\" width=\"600\" height=\"400\" src=\"https:\/\/elenafortuny.com\/wp-content\/uploads\/2022\/04\/elpont.jpg\" class=\"elementor-animation-grow attachment-medium_large size-medium_large wp-image-1474\" alt=\"\" srcset=\"https:\/\/elenafortuny.com\/wp-content\/uploads\/2022\/04\/elpont.jpg 600w, https:\/\/elenafortuny.com\/wp-content\/uploads\/2022\/04\/elpont-300x200.jpg 300w\" sizes=\"(max-width: 600px) 100vw, 600px\" \/><\/div>\n\t\t<\/a>\n\t\t\t\t<div class=\"elementor-post__text\">\n\t\t\t\t<h3 class=\"elementor-post__title\">\n\t\t\t<a href=\"https:\/\/elenafortuny.com\/ca\/elena-fortuny-dirigeix-el-pont-al-malda\/\" >\n\t\t\t\tElena Fortuny dirigeix El pont al Mald\u00e0\t\t\t<\/a>\n\t\t<\/h3>\n\t\t\t\t<div class=\"elementor-post__meta-data\">\n\t\t\t\t\t<span class=\"elementor-post-date\">\n\t\t\t16 d'abril de 2022\t\t<\/span>\n\t\t\t\t<\/div>\n\t\t\t\t<div class=\"elementor-post__excerpt\">\n\t\t\t<p>El pont,\u00a0 protagonitzada per Babou Cham i Lloren\u00e7 Gonz\u00e1lez, impulsors del projecte, \u00e9s una versi\u00f3 d&#8217;Albert Tola de l&#8217;obra original del dramaturg belga Laurent Van<\/p>\n\t\t<\/div>\n\t\t\t\t<\/div>\n\t\t\t\t<\/article>\n\t\t\t\t<article class=\"elementor-post elementor-grid-item post-1469 post type-post status-publish format-standard has-post-thumbnail hentry category-noticies\">\n\t\t\t\t<a class=\"elementor-post__thumbnail__link\" href=\"https:\/\/elenafortuny.com\/ca\/elena-fortuny-interpreta-el-palmeral-al-teatre-akademia\/\" tabindex=\"-1\" >\n\t\t\t<div class=\"elementor-post__thumbnail\"><img loading=\"lazy\" decoding=\"async\" width=\"390\" height=\"560\" src=\"https:\/\/elenafortuny.com\/wp-content\/uploads\/2022\/04\/elpalmeral.webp\" class=\"elementor-animation-grow attachment-medium_large size-medium_large wp-image-1464\" alt=\"\" srcset=\"https:\/\/elenafortuny.com\/wp-content\/uploads\/2022\/04\/elpalmeral.webp 390w, https:\/\/elenafortuny.com\/wp-content\/uploads\/2022\/04\/elpalmeral-209x300.webp 209w\" sizes=\"(max-width: 390px) 100vw, 390px\" \/><\/div>\n\t\t<\/a>\n\t\t\t\t<div class=\"elementor-post__text\">\n\t\t\t\t<h3 class=\"elementor-post__title\">\n\t\t\t<a href=\"https:\/\/elenafortuny.com\/ca\/elena-fortuny-interpreta-el-palmeral-al-teatre-akademia\/\" >\n\t\t\t\tElena Fortuny interpreta El palmeral al Teatre Akad\u00e8mia\t\t\t<\/a>\n\t\t<\/h3>\n\t\t\t\t<div class=\"elementor-post__meta-data\">\n\t\t\t\t\t<span class=\"elementor-post-date\">\n\t\t\t16 d'abril de 2022\t\t<\/span>\n\t\t\t\t<\/div>\n\t\t\t\t<div class=\"elementor-post__excerpt\">\n\t\t\t<p>Elena Fortuny, membre estable de la companyia teatral NIGREDO, interpreta en el Teatre Akad\u00e8mia, El Palmerar d&#8217;Albert Tola, amb direcci\u00f3 de Rodrigo Garc\u00eda Olza. Aquesta<\/p>\n\t\t<\/div>\n\t\t\t\t<\/div>\n\t\t\t\t<\/article>\n\t\t\t\t<\/div>\n\t\t\t\t\t<span class=\"e-load-more-spinner\">\n\t\t\t\t<svg aria-hidden=\"true\" class=\"e-font-icon-svg e-fas-spinner\" viewBox=\"0 0 512 512\" xmlns=\"http:\/\/www.w3.org\/2000\/svg\"><path d=\"M304 48c0 26.51-21.49 48-48 48s-48-21.49-48-48 21.49-48 48-48 48 21.49 48 48zm-48 368c-26.51 0-48 21.49-48 48s21.49 48 48 48 48-21.49 48-48-21.49-48-48-48zm208-208c-26.51 0-48 21.49-48 48s21.49 48 48 48 48-21.49 48-48-21.49-48-48-48zM96 256c0-26.51-21.49-48-48-48S0 229.49 0 256s21.49 48 48 48 48-21.49 48-48zm12.922 99.078c-26.51 0-48 21.49-48 48s21.49 48 48 48 48-21.49 48-48c0-26.509-21.491-48-48-48zm294.156 0c-26.51 0-48 21.49-48 48s21.49 48 48 48 48-21.49 48-48c0-26.509-21.49-48-48-48zM108.922 60.922c-26.51 0-48 21.49-48 48s21.49 48 48 48 48-21.49 48-48-21.491-48-48-48z\"><\/path><\/svg>\t\t\t<\/span>\n\t\t\n\t\t\t\t<div class=\"e-load-more-anchor\" data-page=\"1\" data-max-page=\"4\" data-next-page=\"https:\/\/elenafortuny.com\/ca\/wp-json\/wp\/v2\/pages\/70\/page\/2\/\"><\/div>\n\t\t\t\t<div class=\"elementor-button-wrapper\">\n\t\t\t<a href=\"#\" class=\"elementor-button-link elementor-button elementor-animation-grow\" role=\"button\">\n\t\t\t\t\t\t<span class=\"elementor-button-content-wrapper\">\n\t\t\t\t\t\t\t\t\t<span class=\"elementor-button-text\">Carregar m\u00e9s<\/span>\n\t\t\t\t\t<\/span>\n\t\t\t\t\t<\/a>\n\t\t<\/div>\n\t\t\t\t<div class=\"e-load-more-message\">No hi ha m\u00e9s not\u00edcies<\/div>\n\t\t\t\t\t\t<\/div>\n\t\t\t\t<\/div>\n\t\t\t\t<\/div>\n\t\t\t\t<\/div>\n\t\t","protected":false},"excerpt":{"rendered":"","protected":false},"author":3,"featured_media":0,"parent":0,"menu_order":0,"comment_status":"closed","ping_status":"open","template":"","meta":{"_acf_changed":false,"footnotes":""},"class_list":["post-70","page","type-page","status-publish","hentry"],"acf":[],"yoast_head":"<!-- This site is optimized with the Yoast SEO plugin v27.4 - https:\/\/yoast.com\/product\/yoast-seo-wordpress\/ -->\n<title>Not\u00edcies<\/title>\n<meta name=\"robots\" content=\"index, follow, max-snippet:-1, max-image-preview:large, max-video-preview:-1\" \/>\n<link rel=\"canonical\" href=\"https:\/\/elenafortuny.com\/ca\/noticies\/\" \/>\n<meta property=\"og:locale\" content=\"ca_ES\" \/>\n<meta property=\"og:type\" content=\"article\" \/>\n<meta property=\"og:title\" content=\"Not\u00edcies\" \/>\n<meta property=\"og:url\" content=\"https:\/\/elenafortuny.com\/ca\/noticies\/\" \/>\n<meta property=\"og:site_name\" content=\"Elena Fortuny\" \/>\n<meta property=\"article:modified_time\" content=\"2025-03-01T06:35:00+00:00\" \/>\n<script type=\"application\/ld+json\" class=\"yoast-schema-graph\">{\"@context\":\"https:\\\/\\\/schema.org\",\"@graph\":[{\"@type\":\"WebPage\",\"@id\":\"https:\\\/\\\/elenafortuny.com\\\/ca\\\/noticies\\\/\",\"url\":\"https:\\\/\\\/elenafortuny.com\\\/ca\\\/noticies\\\/\",\"name\":\"Not\u00edcies\",\"isPartOf\":{\"@id\":\"https:\\\/\\\/elenafortuny.com\\\/ca\\\/#website\"},\"datePublished\":\"2014-03-12T06:59:32+00:00\",\"dateModified\":\"2025-03-01T06:35:00+00:00\",\"breadcrumb\":{\"@id\":\"https:\\\/\\\/elenafortuny.com\\\/ca\\\/noticies\\\/#breadcrumb\"},\"inLanguage\":\"ca\",\"potentialAction\":[{\"@type\":\"ReadAction\",\"target\":[\"https:\\\/\\\/elenafortuny.com\\\/ca\\\/noticies\\\/\"]}]},{\"@type\":\"BreadcrumbList\",\"@id\":\"https:\\\/\\\/elenafortuny.com\\\/ca\\\/noticies\\\/#breadcrumb\",\"itemListElement\":[{\"@type\":\"ListItem\",\"position\":1,\"name\":\"Portada\",\"item\":\"https:\\\/\\\/elenafortuny.com\\\/ca\\\/\"},{\"@type\":\"ListItem\",\"position\":2,\"name\":\"Not\u00edcies\"}]},{\"@type\":\"WebSite\",\"@id\":\"https:\\\/\\\/elenafortuny.com\\\/ca\\\/#website\",\"url\":\"https:\\\/\\\/elenafortuny.com\\\/ca\\\/\",\"name\":\"Elena Fortuny\",\"description\":\"actriz\",\"potentialAction\":[{\"@type\":\"SearchAction\",\"target\":{\"@type\":\"EntryPoint\",\"urlTemplate\":\"https:\\\/\\\/elenafortuny.com\\\/ca\\\/?s={search_term_string}\"},\"query-input\":{\"@type\":\"PropertyValueSpecification\",\"valueRequired\":true,\"valueName\":\"search_term_string\"}}],\"inLanguage\":\"ca\"}]}<\/script>\n<!-- \/ Yoast SEO plugin. -->","yoast_head_json":{"title":"Not\u00edcies","robots":{"index":"index","follow":"follow","max-snippet":"max-snippet:-1","max-image-preview":"max-image-preview:large","max-video-preview":"max-video-preview:-1"},"canonical":"https:\/\/elenafortuny.com\/ca\/noticies\/","og_locale":"ca_ES","og_type":"article","og_title":"Not\u00edcies","og_url":"https:\/\/elenafortuny.com\/ca\/noticies\/","og_site_name":"Elena Fortuny","article_modified_time":"2025-03-01T06:35:00+00:00","schema":{"@context":"https:\/\/schema.org","@graph":[{"@type":"WebPage","@id":"https:\/\/elenafortuny.com\/ca\/noticies\/","url":"https:\/\/elenafortuny.com\/ca\/noticies\/","name":"Not\u00edcies","isPartOf":{"@id":"https:\/\/elenafortuny.com\/ca\/#website"},"datePublished":"2014-03-12T06:59:32+00:00","dateModified":"2025-03-01T06:35:00+00:00","breadcrumb":{"@id":"https:\/\/elenafortuny.com\/ca\/noticies\/#breadcrumb"},"inLanguage":"ca","potentialAction":[{"@type":"ReadAction","target":["https:\/\/elenafortuny.com\/ca\/noticies\/"]}]},{"@type":"BreadcrumbList","@id":"https:\/\/elenafortuny.com\/ca\/noticies\/#breadcrumb","itemListElement":[{"@type":"ListItem","position":1,"name":"Portada","item":"https:\/\/elenafortuny.com\/ca\/"},{"@type":"ListItem","position":2,"name":"Not\u00edcies"}]},{"@type":"WebSite","@id":"https:\/\/elenafortuny.com\/ca\/#website","url":"https:\/\/elenafortuny.com\/ca\/","name":"Elena Fortuny","description":"actriz","potentialAction":[{"@type":"SearchAction","target":{"@type":"EntryPoint","urlTemplate":"https:\/\/elenafortuny.com\/ca\/?s={search_term_string}"},"query-input":{"@type":"PropertyValueSpecification","valueRequired":true,"valueName":"search_term_string"}}],"inLanguage":"ca"}]}},"_links":{"self":[{"href":"https:\/\/elenafortuny.com\/ca\/wp-json\/wp\/v2\/pages\/70","targetHints":{"allow":["GET"]}}],"collection":[{"href":"https:\/\/elenafortuny.com\/ca\/wp-json\/wp\/v2\/pages"}],"about":[{"href":"https:\/\/elenafortuny.com\/ca\/wp-json\/wp\/v2\/types\/page"}],"author":[{"embeddable":true,"href":"https:\/\/elenafortuny.com\/ca\/wp-json\/wp\/v2\/users\/3"}],"replies":[{"embeddable":true,"href":"https:\/\/elenafortuny.com\/ca\/wp-json\/wp\/v2\/comments?post=70"}],"version-history":[{"count":5,"href":"https:\/\/elenafortuny.com\/ca\/wp-json\/wp\/v2\/pages\/70\/revisions"}],"predecessor-version":[{"id":493,"href":"https:\/\/elenafortuny.com\/ca\/wp-json\/wp\/v2\/pages\/70\/revisions\/493"}],"wp:attachment":[{"href":"https:\/\/elenafortuny.com\/ca\/wp-json\/wp\/v2\/media?parent=70"}],"curies":[{"name":"wp","href":"https:\/\/api.w.org\/{rel}","templated":true}]}}